{"id":2,"date":"2019-06-10T19:03:47","date_gmt":"2019-06-10T19:03:47","guid":{"rendered":"https:\/\/www.imagenesgraficas.com\/?page_id=2"},"modified":"2025-06-05T07:07:29","modified_gmt":"2025-06-05T12:07:29","slug":"inicio","status":"publish","type":"page","link":"https:\/\/www.imagenesgraficas.com\/","title":{"rendered":"Inicio"},"content":{"rendered":"\n\t\t\t<img decoding=\"async\" src=\"https:\/\/www.imagenesgraficas.com\/wp-content\/uploads\/2020\/08\/slider-movil.png\" alt=\"\" \/>\t\t\t\n\t\t\t<img decoding=\"async\" src=\"https:\/\/www.imagenesgraficas.com\/wp-content\/uploads\/2020\/08\/slider-movil.png\" alt=\"\" \/>\t\t\t\n\t\t\t\t<a href=\"#\" aria-label=\"previous\" role=\"button\">\n<\/a>\n\t\t\t\t<a href=\"#\" aria-label=\"next\" role=\"button\">\n<\/a>\n\t\t\t\t<a href=\"#\" aria-label=\"previous\" role=\"button\">\n<\/a>\n\t\t\t\t<a href=\"#\" aria-label=\"next\" role=\"button\">\n<\/a>\n\t<p>Soluciones impactantes<\/p>\n\t<p>para ideas inteligentes<\/p>\n\t<p>\u00a1Todo lo que su marca requiere bajo un mismo techo!<\/p>\n\t\t\t\t<a href=\"https:\/\/www.imagenesgraficas.com\/index.php\/agencia-creativa\/\" target=\"_self\" itemprop=\"url\" rel=\"noopener noreferrer\">\n\t\t\t\t<img loading=\"lazy\" decoding=\"async\" src=\"https:\/\/www.imagenesgraficas.com\/wp-content\/uploads\/2020\/01\/icon-agencia-vacio.jpg\" alt=\"icon-agencia-vacio\" itemprop=\"image\" height=\"281\" width=\"281\" title=\"icon-agencia-vacio\" onerror=\"this.style.display='none'\"  \/>\n\t\t\t\t<\/a>\n\t<a href=\"https:\/\/www.imagenesgraficas.com\/index.php\/agencia-creativa\/\">Agencia<br \/>\ncreativa<\/a>\n\t\t\t\t<a href=\"https:\/\/www.imagenesgraficas.com\/index.php\/soluciones-impresas\/\" target=\"_self\" itemprop=\"url\" rel=\"noopener noreferrer\">\n\t\t\t\t<img loading=\"lazy\" decoding=\"async\" src=\"https:\/\/www.imagenesgraficas.com\/wp-content\/uploads\/2020\/06\/icon-impresos-vacio-1.png\" alt=\"icon-impresos-vacio\" itemprop=\"image\" height=\"283\" width=\"283\" title=\"icon-impresos-vacio\" onerror=\"this.style.display='none'\"  \/>\n\t\t\t\t<\/a>\n\t<a href=\"https:\/\/www.imagenesgraficas.com\/index.php\/soluciones-impresas\/\">Soluciones<br \/>\nimpresas<\/a>\n\t\t\t\t<a href=\"https:\/\/www.imagenesgraficas.com\/index.php\/visibilidad-de-marca\/\" target=\"_self\" itemprop=\"url\" rel=\"noopener noreferrer\">\n\t\t\t\t<img loading=\"lazy\" decoding=\"async\" src=\"https:\/\/www.imagenesgraficas.com\/wp-content\/uploads\/2020\/06\/icon-visibilidad-vacio.png\" alt=\"icon-visibilidad-vacio\" itemprop=\"image\" height=\"281\" width=\"281\" title=\"icon-visibilidad-vacio\" onerror=\"this.style.display='none'\"  \/>\n\t\t\t\t<\/a>\n\t<a href=\"https:\/\/www.imagenesgraficas.com\/index.php\/visibilidad-de-marca\/\">Visibilidad<br \/>\nde marca<\/a>\n\t\t\t\t<a href=\"https:\/\/www.imagenesgraficas.com\/index.php\/agencia-btl\/\" target=\"_self\" itemprop=\"url\" rel=\"noopener noreferrer\">\n\t\t\t\t<img loading=\"lazy\" decoding=\"async\" src=\"https:\/\/www.imagenesgraficas.com\/wp-content\/uploads\/2020\/01\/icon-btl-vacio.png\" alt=\"icon-btl-vacio\" itemprop=\"image\" height=\"281\" width=\"281\" title=\"icon-btl-vacio\" onerror=\"this.style.display='none'\"  \/>\n\t\t\t\t<\/a>\n\t<a href=\"https:\/\/www.imagenesgraficas.com\/index.php\/agencia-btl\/\">Agencia<\/a><br \/>\n<a href=\"https:\/\/www.imagenesgraficas.com\/agencia-btl\/\">BTL<\/a>\n\t\t\t\t<a href=\"https:\/\/www.imagenesgraficas.com\/index.php\/promos-gifts-a-la-medida\/\" target=\"_self\" itemprop=\"url\" rel=\"noopener noreferrer\">\n\t\t\t\t<img loading=\"lazy\" decoding=\"async\" src=\"https:\/\/www.imagenesgraficas.com\/wp-content\/uploads\/2020\/01\/icon-regalables-vacio.png\" alt=\"icon-regalables-vacio\" itemprop=\"image\" height=\"281\" width=\"281\" title=\"icon-regalables-vacio\" onerror=\"this.style.display='none'\"  \/>\n\t\t\t\t<\/a>\n\t<p><a href=\"https:\/\/www.imagenesgraficas.com\/index.php\/promos-gifts-a-la-medida\/\">Promos + Gifts a la medida<\/a><\/p>\n\t\t\t\t<a href=\"https:\/\/www.imagenesgraficas.com\/index.php\/promos-gifts-importados\/\" target=\"_self\" itemprop=\"url\" rel=\"noopener noreferrer\">\n\t\t\t\t<img loading=\"lazy\" decoding=\"async\" src=\"https:\/\/www.imagenesgraficas.com\/wp-content\/uploads\/2020\/06\/icon-promo-vacio-1.png\" alt=\"icon-promo-vacio\" itemprop=\"image\" height=\"284\" width=\"283\" title=\"icon-promo-vacio\" onerror=\"this.style.display='none'\"  \/>\n\t\t\t\t<\/a>\n\t<a href=\"https:\/\/www.imagenesgraficas.com\/index.php\/promos-gifts-importados\/\">Promos + Gifts<br \/>\nImportados<\/a>\n\t\t\t\t<a href=\"https:\/\/www.imagenesgraficas.com\/index.php\/promos-gifts-en-stock\/\" target=\"_self\" itemprop=\"url\" rel=\"noopener noreferrer\">\n\t\t\t\t<img loading=\"lazy\" decoding=\"async\" src=\"https:\/\/www.imagenesgraficas.com\/wp-content\/uploads\/2020\/06\/icon-stock-vacio.png\" alt=\"icon-stock-vacio\" itemprop=\"image\" height=\"283\" width=\"283\" title=\"icon-stock-vacio\" onerror=\"this.style.display='none'\"  \/>\n\t\t\t\t<\/a>\n\t<a href=\"https:\/\/www.imagenesgraficas.com\/index.php\/promos-gifts-en-stock\/\">Promos + Gifts<br \/>\nen stock<\/a>\n\t\t\t\t<a href=\"https:\/\/www.imagenesgraficas.com\/index.php\/soluciones-sostenibles\/\" target=\"_self\" itemprop=\"url\" rel=\"noopener noreferrer\">\n\t\t\t\t<img loading=\"lazy\" decoding=\"async\" src=\"https:\/\/www.imagenesgraficas.com\/wp-content\/uploads\/2020\/01\/icon-sostenibles-vacio.png\" alt=\"icon-sostenibles-vacio\" itemprop=\"image\" height=\"281\" width=\"281\" title=\"icon-sostenibles-vacio\" onerror=\"this.style.display='none'\"  \/>\n\t\t\t\t<\/a>\n\t<a href=\"https:\/\/www.imagenesgraficas.com\/index.php\/soluciones-sostenibles\/\">Soluciones<br \/>\nsostenibles<\/a>\n\t<p>Nuestro principal aliado:<\/p>\n\t<p>El Planeta Tierra<\/p>\n\t<p>Estamos comprometidos con nuestros clientes y con el medio ambiente.<\/p>\n<p>Contamos con procesos de producci\u00f3n e in\ufb01nidad de productos amigables con el ecosistema.<\/p>\n\t\t\t\t<img loading=\"lazy\" decoding=\"async\" src=\"https:\/\/www.imagenesgraficas.com\/wp-content\/uploads\/2020\/01\/ambiente.png\" alt=\"ambiente\" itemprop=\"image\" height=\"419\" width=\"415\" title=\"ambiente\" onerror=\"this.style.display='none'\"  \/>\n\t\t\t<img decoding=\"async\" src=\"https:\/\/www.imagenesgraficas.com\/wp-content\/uploads\/2020\/08\/slider-4-movil.jpg\" alt=\"\" \/>\t\t\t\n\t\t\t\t<a href=\"#\" aria-label=\"previous\" role=\"button\">\n<\/a>\n\t\t\t\t<a href=\"#\" aria-label=\"next\" role=\"button\">\n<\/a>\n\t\t\t\t<a href=\"#\" aria-label=\"previous\" role=\"button\">\n<\/a>\n\t\t\t\t<a href=\"#\" aria-label=\"next\" role=\"button\">\n<\/a>\n\t\t\t\t<img loading=\"lazy\" decoding=\"async\" src=\"https:\/\/www.imagenesgraficas.com\/wp-content\/uploads\/2019\/06\/imagenes_graficas_comilla-abrir.png\" alt=\"imagenes_graficas_comilla-abrir\" itemprop=\"image\" height=\"132\" width=\"160\" title=\"imagenes_graficas_comilla-abrir\" onerror=\"this.style.display='none'\"  \/>\n\t\t\t\t<img loading=\"lazy\" decoding=\"async\" src=\"https:\/\/www.imagenesgraficas.com\/wp-content\/uploads\/2020\/06\/mano.png\" alt=\"mano\" itemprop=\"image\" height=\"231\" width=\"1276\" title=\"mano\" onerror=\"this.style.display='none'\"  \/>\n\t\t\t\t<img loading=\"lazy\" decoding=\"async\" src=\"https:\/\/www.imagenesgraficas.com\/wp-content\/uploads\/2019\/06\/imagenes_graficas_comilla-cerrar-.png\" alt=\"imagenes_graficas_comilla-cerrar-\" itemprop=\"image\" height=\"132\" width=\"160\" title=\"imagenes_graficas_comilla-cerrar-\" onerror=\"this.style.display='none'\"  \/>\n\t<p>Cobertura en toda<\/p>\n\t<p>Am\u00e9rica<\/p>\n\tHoy entregamos nuestros productos en los principales pa\u00edses de Am\u00e9rica con atenci\u00f3n comercial personalizada.<br \/>\nContamos con presencia en las principales ciudades de Colombia y oficina propia en Miami, Estados Unidos.\n\t\t\t\t<img loading=\"lazy\" decoding=\"async\" src=\"https:\/\/www.imagenesgraficas.com\/wp-content\/uploads\/2020\/07\/mapa-cobertura.jpg\" alt=\"mapa-cobertura\" itemprop=\"image\" height=\"1717\" width=\"1610\" title=\"mapa-cobertura\" onerror=\"this.style.display='none'\"  \/>\n\t\t\t\t<img loading=\"lazy\" decoding=\"async\" src=\"https:\/\/www.imagenesgraficas.com\/wp-content\/uploads\/2020\/07\/360.png\" alt=\"360\" itemprop=\"image\" height=\"754\" width=\"900\" title=\"360\" onerror=\"this.style.display='none'\"  \/>\n\t<p>Blog<\/p>\n\t<meta itemscope itemprop=\"mainEntityOfPage\" itemtype=\"https:\/\/schema.org\/WebPage\" itemid=\"https:\/\/www.imagenesgraficas.com\/index.php\/texto-prueba-noticia\/\" content=\"El BTL en los mercados publicitarios actuales\" \/><meta itemprop=\"datePublished\" content=\"2020-08-04\" \/><meta itemprop=\"dateModified\" content=\"2022-02-07\" \/><meta itemprop=\"name\" content=\"Imagenes Gr\u00e1ficas\"><meta itemprop=\"url\" content=\"https:\/\/www.imagenesgraficas.com\/wp-content\/uploads\/2020\/06\/Imagenes-graficas-1.png\"><meta itemprop=\"url\" content=\"https:\/\/www.imagenesgraficas.com\/index.php\/author\/imagenesgadmin\/\" \/><meta itemprop=\"name\" content=\"imagenesgadmin\" \/><meta itemprop=\"url\" content=\"https:\/\/www.imagenesgraficas.com\/wp-content\/uploads\/2020\/08\/btl-3.jpg\" \/><meta itemprop=\"width\" content=\"610\" \/><meta itemprop=\"height\" content=\"298\" \/><meta itemprop=\"interactionType\" content=\"https:\/\/schema.org\/CommentAction\" \/><meta itemprop=\"userInteractionCount\" content=\"0\" \/>\n\t\t\t\t\t<a href=\"https:\/\/www.imagenesgraficas.com\/index.php\/texto-prueba-noticia\/\" title=\"El BTL en los mercados publicitarios actuales\"><\/a>\n\t\t\t\t<img loading=\"lazy\" decoding=\"async\" src=\"https:\/\/www.imagenesgraficas.com\/wp-content\/uploads\/bb-plugin\/cache\/btl-3-landscape.jpg\" alt=\"Prueba2\" itemprop=\"image\" data-no-lazy=\"1\" height=\"298\" width=\"610\" title=\"Prueba2\" onerror=\"this.style.display='none'\"  \/>\n\t\t\t\t\t\t\t\t\t<h3 itemprop=\"headline\">\n\t\t\t\t\t\t\t\t\t\t\t\t\t\tEl BTL en los mercados publicitarios actuales\t\t\t\t\t\t\t\t\t\t\t<\/h3>\n    <p>En los \u00faltimos a\u00f1os en Colombia, el BTL ha logrado ocupar el primer lugar en cuanto a inversi\u00f3n publicitaria alcanzando los $1.29 billones de pesos.<\/p>\n\t<meta itemscope itemprop=\"mainEntityOfPage\" itemtype=\"https:\/\/schema.org\/WebPage\" itemid=\"https:\/\/www.imagenesgraficas.com\/index.php\/stands-y-ferias-un-negocio-en-potencia\/\" content=\"Stands y ferias: un negocio en potencia\" \/><meta itemprop=\"datePublished\" content=\"2019-08-28\" \/><meta itemprop=\"dateModified\" content=\"2020-07-16\" \/><meta itemprop=\"name\" content=\"Imagenes Gr\u00e1ficas\"><meta itemprop=\"url\" content=\"https:\/\/www.imagenesgraficas.com\/wp-content\/uploads\/2020\/06\/Imagenes-graficas-1.png\"><meta itemprop=\"url\" content=\"https:\/\/www.imagenesgraficas.com\/index.php\/author\/pypgroup-admin\/\" \/><meta itemprop=\"name\" content=\"pypgroup-admin\" \/><meta itemprop=\"url\" content=\"https:\/\/www.imagenesgraficas.com\/wp-content\/uploads\/2019\/08\/entrada3.jpg\" \/><meta itemprop=\"width\" content=\"564\" \/><meta itemprop=\"height\" content=\"366\" \/><meta itemprop=\"interactionType\" content=\"https:\/\/schema.org\/CommentAction\" \/><meta itemprop=\"userInteractionCount\" content=\"0\" \/>\n\t\t\t\t\t<a href=\"https:\/\/www.imagenesgraficas.com\/index.php\/stands-y-ferias-un-negocio-en-potencia\/\" title=\"Stands y ferias: un negocio en potencia\"><\/a>\n\t\t\t\t<img loading=\"lazy\" decoding=\"async\" src=\"https:\/\/www.imagenesgraficas.com\/wp-content\/uploads\/bb-plugin\/cache\/entrada3-landscape.jpg\" alt=\"entrada3\" itemprop=\"image\" data-no-lazy=\"1\" height=\"366\" width=\"564\" title=\"entrada3\" onerror=\"this.style.display='none'\"  \/>\n\t\t\t\t\t\t\t\t\t<h3 itemprop=\"headline\">\n\t\t\t\t\t\t\t\t\t\t\t\t\t\tStands y ferias: un negocio en potencia\t\t\t\t\t\t\t\t\t\t\t<\/h3>\n    <p>El sector del marketing ferial est\u00e1 en boom, no solo en Colombia, si no en el mundo entero. \u00bfCu\u00e1l es su potencial como negocio?<\/p>\n\t<meta itemscope itemprop=\"mainEntityOfPage\" itemtype=\"https:\/\/schema.org\/WebPage\" itemid=\"https:\/\/www.imagenesgraficas.com\/index.php\/el-lenguaje-del-marketing\/\" content=\"El lenguaje del marketing\" \/><meta itemprop=\"datePublished\" content=\"2019-08-28\" \/><meta itemprop=\"dateModified\" content=\"2020-07-16\" \/><meta itemprop=\"name\" content=\"Imagenes Gr\u00e1ficas\"><meta itemprop=\"url\" content=\"https:\/\/www.imagenesgraficas.com\/wp-content\/uploads\/2020\/06\/Imagenes-graficas-1.png\"><meta itemprop=\"url\" content=\"https:\/\/www.imagenesgraficas.com\/index.php\/author\/pypgroup-admin\/\" \/><meta itemprop=\"name\" content=\"pypgroup-admin\" \/><meta itemprop=\"url\" content=\"https:\/\/www.imagenesgraficas.com\/wp-content\/uploads\/2019\/08\/entrada-2.jpg\" \/><meta itemprop=\"width\" content=\"564\" \/><meta itemprop=\"height\" content=\"366\" \/><meta itemprop=\"interactionType\" content=\"https:\/\/schema.org\/CommentAction\" \/><meta itemprop=\"userInteractionCount\" content=\"0\" \/>\n\t\t\t\t\t<a href=\"https:\/\/www.imagenesgraficas.com\/index.php\/el-lenguaje-del-marketing\/\" title=\"El lenguaje del marketing\"><\/a>\n\t\t\t\t<img loading=\"lazy\" decoding=\"async\" src=\"https:\/\/www.imagenesgraficas.com\/wp-content\/uploads\/bb-plugin\/cache\/entrada-2-landscape.jpg\" alt=\"entrada\" itemprop=\"image\" data-no-lazy=\"1\" height=\"366\" width=\"564\" title=\"entrada\" onerror=\"this.style.display='none'\"  \/>\n\t\t\t\t\t\t\t\t\t<h3 itemprop=\"headline\">\n\t\t\t\t\t\t\t\t\t\t\t\t\t\tEl lenguaje del marketing\t\t\t\t\t\t\t\t\t\t\t<\/h3>\n    <p>La comunicaci\u00f3n y persuasi\u00f3n detr\u00e1s de los negocios: el endomarketing es el arte y la ciencia del an\u00e1lisis focalizado en un p\u00fablico objetivo.<\/p>\n\t\t<!-- .pp-content-posts -->\n\t\t\t\t<img loading=\"lazy\" decoding=\"async\" src=\"https:\/\/www.imagenesgraficas.com\/wp-content\/uploads\/2019\/08\/imagenes-graficasRecurso-2comillas.png\" alt=\"imagenes-graficasRecurso 2comillas\" itemprop=\"image\" height=\"150\" width=\"198\" title=\"imagenes-graficasRecurso 2comillas\" onerror=\"this.style.display='none'\"  \/>\n\t<p>Creamos <strong>experiencias<\/strong> originales y<\/p>\n\t<p>generamos resultados <strong>memorables<\/strong><\/p>\n\t\t\t\t<img loading=\"lazy\" decoding=\"async\" src=\"https:\/\/www.imagenesgraficas.com\/wp-content\/uploads\/2019\/08\/imagenes-graficasRecurso-3comillas.png\" alt=\"imagenes-graficasRecurso 3comillas\" itemprop=\"image\" height=\"150\" width=\"198\" title=\"imagenes-graficasRecurso 3comillas\" onerror=\"this.style.display='none'\"  \/>\n\t\t\t\t<img loading=\"lazy\" decoding=\"async\" src=\"https:\/\/www.imagenesgraficas.com\/wp-content\/uploads\/2019\/08\/imagenes-graficasRecurso-2comillas.png\" alt=\"imagenes-graficasRecurso 2comillas\" itemprop=\"image\" height=\"150\" width=\"198\" title=\"imagenes-graficasRecurso 2comillas\" onerror=\"this.style.display='none'\"  \/>\n\t<p>Creamos <strong>experiencias<\/strong> originales y generamos resultados <strong>memorables<\/strong><\/p>\n\t\t\t\t<img loading=\"lazy\" decoding=\"async\" src=\"https:\/\/www.imagenesgraficas.com\/wp-content\/uploads\/2019\/08\/imagenes-graficasRecurso-3comillas.png\" alt=\"imagenes-graficasRecurso 3comillas\" itemprop=\"image\" height=\"150\" width=\"198\" title=\"imagenes-graficasRecurso 3comillas\" onerror=\"this.style.display='none'\"  \/>\n\t<p>Lo que dicen<\/p>\n\t<p>nuestros <strong>Clientes<\/strong><\/p>\n\t<p>nuestros <strong>Clientes<\/strong><\/p>\n\t\t\t\t\t\t\t<img decoding=\"async\" src=\"https:\/\/www.imagenesgraficas.com\/wp-content\/uploads\/2019\/06\/imagenes_graficas_postobon.jpg\" alt=\"imagenes_graficas_postobon\" \/>\n\t\t\t\t\t\t\t\t\t\t\t\t\t\t\t\t\t\t\t<p>En nombre de Postob\u00f3n S.A, escribo para expresar mi agradecimiento por el compromiso y esfuerzo de Im\u00e1genes Gr\u00e1ficas BIC S.A.S. Logramos cumplir el compromiso adquirido con Expoartesano 2015 y alcanzar nuestros objetivos de marca. Para nosotros es muy importante saber que contamos con un proveedor que tambi\u00e9n es un socio estrat\u00e9gico.<\/p>\n\t\t\t\t\t\t\t\t\t\t\t\t\t\t\t\t\t<h3>Director Postobon S.A.<\/h3>\n\t\t\t\t\t\t\t<img decoding=\"async\" src=\"https:\/\/www.imagenesgraficas.com\/wp-content\/uploads\/2019\/06\/imagenes_graficas_coomeva.jpg\" alt=\"imagenes_graficas_coomeva\" \/>\n\t\t\t\t\t\t\t\t\t\t\t\t\t\t\t\t\t\t\t<p>Desde la unidad de Gesti\u00f3n del Cambio, queremos agradecer a Im\u00e1genes Gr\u00e1ficas por todo el apoyo brindado en las \u00faltimas semanas. El tiempo de respuesta ha sido oportuno y han cumplido con la calidad que los caracteriza. Esperamos seguir contando con ustedes como nuestro aliado, gracias.<\/p>\n\t\t\t\t\t\t\t\t\t\t\t\t\t\t\t\t\t<h3>Director corporativo de desarrollo organizacional Coomeva.<\/h3>\n\t\t\t\t\t\t\t<img decoding=\"async\" src=\"https:\/\/www.imagenesgraficas.com\/wp-content\/uploads\/2020\/03\/logo-fundacion-valle-del-lili.jpg\" alt=\"logo-fundacion-valle-del--lili\" \/>\n\t\t\t\t\t\t\t\t\t\t\t\t\t\t\t\t\t\t\t<p>Im\u00e1genes Gr\u00e1ficas, realizaron un trabajo impecable, qued\u00f3 espectacular. Incre\u00edble c\u00f3mo qued\u00f3 todo, mil gracias de verdad.<\/p>\n\t\t\t\t\t\t\t\t\t\t\t\t\t\t\t\t\t<h3>Fundaci\u00f3n Valle del Lili<\/h3>\n\t\t\t\t\t\t\t<img decoding=\"async\" src=\"https:\/\/www.imagenesgraficas.com\/wp-content\/uploads\/2024\/01\/futupro.jpg\" alt=\"futupro\" \/>\n\t\t\t\t\t\t\t\t\t\t\t\t\t\t\t\t\t\t\t<p>\u00a0\u00a0Quiero que le des mi m\u00e1s sincero agradecimiento a todo el equipo de Im\u00e1genes Gr\u00e1ficas por el apoyo que nos dieron con nuestras producciones, se hizo en tiempo record y realmente estamos muy satisfechos con los productos, en especial las cajas de presentaci\u00f3n que han sido un \u00e9xito.Jefe de compras<\/p>\n\t\t\t\t\t\t\t\t\t\t\t\t\t\t\t\t\t<h3>Future<\/h3>\n\t\t\t\t<!-- \/.pp-testimonials -->\n\t<p>Contacto<\/p>\n\tCALI<br \/>\n(+57-2)441 6153<br \/>\nCalle 24 No. 4-31\nBOGOT\u00c1<br \/>\n(+57) 318 363 7106<br \/>\nCalle 127c 4-51\nMIAMI<br \/>\n(305) 264 3417<br \/>\n390 NW 86th Ct #8 33126\n\t<p>Cont\u00e1ctenos<\/p>\n\tPara solicitar mayor informaci\u00f3n o cotizar alg\u00fan producto, cont\u00e1ctenos a:<br \/>\n<strong>mercadeo@imagenesgra\ufb01cas.com<\/strong>\n<p>(+57) 317 6364326<\/p>\n\t<p>Todo lo que se muestra en esta p\u00e1gina web tiene como fin mostrar nuestra capacidad de desarrollo y producci\u00f3n. Las marcas mostradas solo tienen fines ilustrativos.<\/p>\n\t<p>Trabaje con nosotros<\/p>\n\tSi se considera una persona talentosa y quiere ser parte de nuestro equipo, env\u00edenos su hoja de vida a:<br \/>\n<strong>talentohumano@imagenesgra\ufb01cas.com<\/strong>\n\t<p>Servicio al cliente<\/p>\n\t<p>Presente sus peticiones, quejas, reclamos y sugerencias (PQRS) que surjan respecto a la calidad de los servicios ofrecidos y las actuaciones de nuestros funcionarios.<\/p>\nCALI<br \/>\n(+57-2) 441 6153<br \/>\nCalle 24 No. 4-31\n\t<p>S\u00edganos:<\/p>\n\t\t\t\t<a href=\"https:\/\/instagram.com\/imagenes_graficas?igshid=di1ufcnwhc4f\" target=\"_blank\" rel=\"noopener noreferrer\" itemprop=\"url\">\n\t\t\t\t<img loading=\"lazy\" decoding=\"async\" src=\"https:\/\/www.imagenesgraficas.com\/wp-content\/uploads\/2019\/06\/imagenes_graficas_ig.png\" alt=\"imagenes_graficas_ig\" itemprop=\"image\" height=\"72\" width=\"74\" title=\"imagenes_graficas_ig\" onerror=\"this.style.display='none'\"  \/>\n\t\t\t\t<\/a>\n\t\t\t\t<a href=\"https:\/\/www.facebook.com\/imagenesgraficasbicsas\/\" target=\"_blank\" rel=\"noopener noreferrer\" itemprop=\"url\">\n\t\t\t\t<img loading=\"lazy\" decoding=\"async\" src=\"https:\/\/www.imagenesgraficas.com\/wp-content\/uploads\/2019\/06\/imagenes_graficas_fb.png\" alt=\"imagenes_graficas_fb\" itemprop=\"image\" height=\"72\" width=\"74\" title=\"imagenes_graficas_fb\" onerror=\"this.style.display='none'\"  \/>\n\t\t\t\t<\/a>\n\t\t\t\t<a href=\"https:\/\/pin.it\/oanijfeol2ru5c\" target=\"_blank\" rel=\"noopener noreferrer\" itemprop=\"url\">\n\t\t\t\t<img loading=\"lazy\" decoding=\"async\" src=\"https:\/\/www.imagenesgraficas.com\/wp-content\/uploads\/2019\/06\/imagenes_graficas_pt.png\" alt=\"imagenes_graficas_pt\" itemprop=\"image\" height=\"72\" width=\"74\" title=\"imagenes_graficas_pt\" onerror=\"this.style.display='none'\"  \/>\n\t\t\t\t<\/a>\n\t<p>Reciba noticias de interes.<\/p>\n\t<p>Visita tambi\u00e9n:<\/p>\n\t\t\t\t<a href=\"http:\/\/imagraphicusa.com\/\" target=\"_blank\" rel=\"noopener noreferrer\" itemprop=\"url\">\n\t\t\t\t<img loading=\"lazy\" decoding=\"async\" src=\"https:\/\/www.imagenesgraficas.com\/wp-content\/uploads\/2019\/06\/imagenes_graficas_logo_imagraphic.png\" alt=\"imagenes_graficas_logo_imagraphic\" itemprop=\"image\" height=\"167\" width=\"493\" title=\"imagenes_graficas_logo_imagraphic\" onerror=\"this.style.display='none'\"  \/>\n\t\t\t\t<\/a>\n","protected":false},"excerpt":{"rendered":"<p>Soluciones impactantes para ideas inteligentes \u00a1Todo lo que su marca requiere bajo un mismo techo! Agencia creativa Soluciones impresas Visibilidad de marca Agencia BTL Promos + Gifts a la medida Promos + Gifts Importados Promos + Gifts en stock Soluciones sostenibles Nuestro principal aliado: El Planeta Tierra Estamos comprometidos con nuestros clientes y con el&hellip;<\/p>\n","protected":false},"author":3,"featured_media":0,"parent":0,"menu_order":0,"comment_status":"closed","ping_status":"closed","template":"","meta":{"footnotes":""},"class_list":["post-2","page","type-page","status-publish","hentry"],"_links":{"self":[{"href":"https:\/\/www.imagenesgraficas.com\/index.php\/wp-json\/wp\/v2\/pages\/2","targetHints":{"allow":["GET"]}}],"collection":[{"href":"https:\/\/www.imagenesgraficas.com\/index.php\/wp-json\/wp\/v2\/pages"}],"about":[{"href":"https:\/\/www.imagenesgraficas.com\/index.php\/wp-json\/wp\/v2\/types\/page"}],"author":[{"embeddable":true,"href":"https:\/\/www.imagenesgraficas.com\/index.php\/wp-json\/wp\/v2\/users\/3"}],"replies":[{"embeddable":true,"href":"https:\/\/www.imagenesgraficas.com\/index.php\/wp-json\/wp\/v2\/comments?post=2"}],"version-history":[{"count":121,"href":"https:\/\/www.imagenesgraficas.com\/index.php\/wp-json\/wp\/v2\/pages\/2\/revisions"}],"predecessor-version":[{"id":2934,"href":"https:\/\/www.imagenesgraficas.com\/index.php\/wp-json\/wp\/v2\/pages\/2\/revisions\/2934"}],"wp:attachment":[{"href":"https:\/\/www.imagenesgraficas.com\/index.php\/wp-json\/wp\/v2\/media?parent=2"}],"curies":[{"name":"wp","href":"https:\/\/api.w.org\/{rel}","templated":true}]}}