{"id":491,"date":"2019-08-22T22:38:41","date_gmt":"2019-08-22T22:38:41","guid":{"rendered":"https:\/\/www.imagenesgraficas.com\/?page_id=491"},"modified":"2020-08-21T17:39:32","modified_gmt":"2020-08-21T17:39:32","slug":"promos-gifts-a-la-medida","status":"publish","type":"page","link":"https:\/\/www.imagenesgraficas.com\/index.php\/promos-gifts-a-la-medida\/","title":{"rendered":"Promos + Gifts a la medida"},"content":{"rendered":"\n\t\t\t\t<a href=\"#\" aria-label=\"previous\" role=\"button\">\n<\/a>\n\t\t\t\t<a href=\"#\" aria-label=\"next\" role=\"button\">\n<\/a>\n\t\t\t<img decoding=\"async\" src=\"https:\/\/www.imagenesgraficas.com\/wp-content\/uploads\/2020\/08\/Promocionales-a-la-medida-slider-movil.jpg\" alt=\"\" \/>\t\t\t\n\t\t\t<img decoding=\"async\" src=\"https:\/\/www.imagenesgraficas.com\/wp-content\/uploads\/2020\/08\/Promocionales-a-la-medida-slider-movil.jpg\" alt=\"\" \/>\t\t\t\n\t\t\t\t<a href=\"#\" aria-label=\"previous\" role=\"button\">\n<\/a>\n\t\t\t\t<a href=\"#\" aria-label=\"next\" role=\"button\">\n<\/a>\n\t\t\t\t<img loading=\"lazy\" decoding=\"async\" src=\"https:\/\/www.imagenesgraficas.com\/wp-content\/uploads\/2020\/06\/comillas-gris.png\" alt=\"comillas-gris\" itemprop=\"image\" height=\"74\" width=\"90\" title=\"comillas-gris\" onerror=\"this.style.display='none'\"  \/>\n\t<p>Creamos soluciones a la <strong>medida de sus necesidades<\/strong>.<\/p>\n\t\t\t\t<img loading=\"lazy\" decoding=\"async\" src=\"https:\/\/www.imagenesgraficas.com\/wp-content\/uploads\/2020\/06\/comillas-gris2.png\" alt=\"comillas-gris2\" itemprop=\"image\" height=\"74\" width=\"90\" title=\"comillas-gris2\" onerror=\"this.style.display='none'\"  \/>\n\tSomos especialistas en producir art\u00edculos de consumo para venta por cat\u00e1logo, promociones y productos de l\u00ednea.<br \/>\nIntegramos todos los procesos de nuestra planta de producci\u00f3n para crear productos \u00fanicos.\n\t<p>Proceso de dise\u00f1o<\/p>\n\tSi puede imaginarlo,<br \/>\n\u00a1podemos crearlo!.\n\t\t\t\t<img loading=\"lazy\" decoding=\"async\" src=\"https:\/\/www.imagenesgraficas.com\/wp-content\/uploads\/2020\/07\/IMG_0043.jpg\" alt=\"IMG_0043\" itemprop=\"image\" height=\"800\" width=\"800\" title=\"IMG_0043\" onerror=\"this.style.display='none'\"  \/>\n\t<p>Mockup &amp; muestras<\/p>\n\t<p>Visuales y muestras en 24 horas.<\/p>\n\t\t\t\t<img loading=\"lazy\" decoding=\"async\" src=\"https:\/\/www.imagenesgraficas.com\/wp-content\/uploads\/2020\/07\/imac-3.jpg\" alt=\"imac-3\" itemprop=\"image\" height=\"500\" width=\"500\" title=\"imac-3\" onerror=\"this.style.display='none'\"  \/>\n\t<p>Costura &amp; producci\u00f3n<\/p>\n\t<p>Procesos integrados bajo un mismo techo.<\/p>\n\t\t\t\t<img loading=\"lazy\" decoding=\"async\" src=\"https:\/\/www.imagenesgraficas.com\/wp-content\/uploads\/2020\/07\/imac-6.jpg\" alt=\"imac-6\" itemprop=\"image\" height=\"500\" width=\"500\" title=\"imac-6\" onerror=\"this.style.display='none'\"  \/>\n\t<p>Control de calidad &amp; env\u00edo<\/p>\n\t<p>Controlamos cada detalle y entregamos justo a tiempo.<\/p>\n\t\t\t\t<img loading=\"lazy\" decoding=\"async\" src=\"https:\/\/www.imagenesgraficas.com\/wp-content\/uploads\/2020\/07\/imac-7.jpg\" alt=\"imac-7\" itemprop=\"image\" height=\"500\" width=\"500\" title=\"imac-7\" onerror=\"this.style.display='none'\"  \/>\n\t\t\t\t<img loading=\"lazy\" decoding=\"async\" src=\"https:\/\/www.imagenesgraficas.com\/wp-content\/uploads\/2020\/07\/Promocionales-a-la-medida-icon.jpg\" alt=\"Promocionales-a-la-medida-icon\" itemprop=\"image\" height=\"151\" width=\"159\" title=\"Promocionales-a-la-medida-icon\" onerror=\"this.style.display='none'\"  \/>\n\t\t\t\t<img loading=\"lazy\" decoding=\"async\" src=\"https:\/\/www.imagenesgraficas.com\/wp-content\/uploads\/2020\/06\/Soluciones-Impresas-linea-1.jpg\" alt=\"Soluciones-Impresas-linea\" itemprop=\"image\" height=\"41\" width=\"417\" title=\"Soluciones-Impresas-linea\" onerror=\"this.style.display='none'\"  \/>\n\t<p>Recibimos su solicitud.<\/p>\n\t\t\t\t<img loading=\"lazy\" decoding=\"async\" src=\"https:\/\/www.imagenesgraficas.com\/wp-content\/uploads\/2020\/07\/Promocionales-a-la-medida-icon2.jpg\" alt=\"Promocionales-a-la-medida-icon2\" itemprop=\"image\" height=\"151\" width=\"159\" title=\"Promocionales-a-la-medida-icon2\" onerror=\"this.style.display='none'\"  \/>\n\t\t\t\t<img loading=\"lazy\" decoding=\"async\" src=\"https:\/\/www.imagenesgraficas.com\/wp-content\/uploads\/2020\/06\/Soluciones-Impresas-linea2.jpg\" alt=\"Soluciones-Impresas-linea2\" itemprop=\"image\" height=\"41\" width=\"417\" title=\"Soluciones-Impresas-linea2\" onerror=\"this.style.display='none'\"  \/>\n\t<p>\u00a1Nuestros dise\u00f1adores se ponen manos a la obra!.<\/p>\n\t\t\t\t<img loading=\"lazy\" decoding=\"async\" src=\"https:\/\/www.imagenesgraficas.com\/wp-content\/uploads\/2020\/07\/Promocionales-a-la-medida-icon3.jpg\" alt=\"Promocionales-a-la-medida-icon3\" itemprop=\"image\" height=\"151\" width=\"159\" title=\"Promocionales-a-la-medida-icon3\" onerror=\"this.style.display='none'\"  \/>\n\t\t\t\t<img loading=\"lazy\" decoding=\"async\" src=\"https:\/\/www.imagenesgraficas.com\/wp-content\/uploads\/2020\/06\/Soluciones-Impresas-linea-3-1.jpg\" alt=\"Soluciones-Impresas-linea-3\" itemprop=\"image\" height=\"41\" width=\"417\" title=\"Soluciones-Impresas-linea-3\" onerror=\"this.style.display='none'\"  \/>\n\t<p>Entregamos los mejores promocionales totalmente personalizados.<\/p>\n\t<p>\u00bfQu\u00e9 hacemos?<\/p>\n\t\t\t\t\t\t<a>\n\t\t\t\t\t<img decoding=\"async\" src=\"https:\/\/www.imagenesgraficas.com\/wp-content\/uploads\/2020\/07\/Promocionales-a-la-medida-1.jpg\" alt=\"Promocionales-a-la-medida-1\">\n\t\t\t\t\t\t\t\t\t\t\t\t\t\t\t\t\t\t\t\t\t\t\t\t\t\t\t\tTextiles ecol\u00f3gicos \n\t\t\t<\/a>\n\t\t\t\t\t\t\t\t\t\t<a href=\"https:\/\/www.imagenesgraficas.com\/wp-content\/uploads\/2019\/08\/imagenes-graficasMesa-de-trabajo-110-copia-5-agencia-1.jpg\" data-fancybox=\"pp-album-\" data-caption=\"imagenes-graficasMesa de trabajo 110 copia 5-agencia\">\n\t\t\t\t\t\t\t<img decoding=\"async\" src=\"https:\/\/www.imagenesgraficas.com\/wp-content\/uploads\/2019\/08\/imagenes-graficasMesa-de-trabajo-110-copia-5-agencia-1.jpg\" alt=\"Cuadernos \" \/>\n\t\t\t\t\t\t<\/a>\n\t\t\t\t\t\t\t\t\t\t\t<a href=\"https:\/\/www.imagenesgraficas.com\/wp-content\/uploads\/2019\/08\/cuaderno2-imagenes-graficas-1.jpg\" data-fancybox=\"pp-album-\" data-caption=\"cuaderno2-imagenes-graficas\">\n\t\t\t\t\t\t\t<img decoding=\"async\" src=\"https:\/\/www.imagenesgraficas.com\/wp-content\/uploads\/2019\/08\/cuaderno2-imagenes-graficas-1.jpg\" alt=\"Cuadernos \" \/>\n\t\t\t\t\t\t<\/a>\n\t\t\t\t\t\t<a>\n\t\t\t\t\t<img decoding=\"async\" src=\"https:\/\/www.imagenesgraficas.com\/wp-content\/uploads\/2020\/07\/Promocionales-a-la-medida-2.jpg\" alt=\"Promocionales-a-la-medida-2\">\n\t\t\t\t\t\t\t\t\t\t\t\t\t\t\t\t\t\t\t\t\t\t\t\t\t\t\t\tDid\u00e1cticos\n\t\t\t<\/a>\n\t\t\t\t\t\t\t\t\t\t<a href=\"https:\/\/www.imagenesgraficas.com\/wp-content\/uploads\/2019\/08\/imagenes-graficasMesa-de-trabajo-110-copia-5-agencia-1.jpg\" data-fancybox=\"pp-album-\" data-caption=\"imagenes-graficasMesa de trabajo 110 copia 5-agencia\">\n\t\t\t\t\t\t\t<img decoding=\"async\" src=\"https:\/\/www.imagenesgraficas.com\/wp-content\/uploads\/2019\/08\/imagenes-graficasMesa-de-trabajo-110-copia-5-agencia-1.jpg\" alt=\"Cuadernos \" \/>\n\t\t\t\t\t\t<\/a>\n\t\t\t\t\t\t\t\t\t\t\t<a href=\"https:\/\/www.imagenesgraficas.com\/wp-content\/uploads\/2019\/08\/cuaderno2-imagenes-graficas-1.jpg\" data-fancybox=\"pp-album-\" data-caption=\"cuaderno2-imagenes-graficas\">\n\t\t\t\t\t\t\t<img decoding=\"async\" src=\"https:\/\/www.imagenesgraficas.com\/wp-content\/uploads\/2019\/08\/cuaderno2-imagenes-graficas-1.jpg\" alt=\"Cuadernos \" \/>\n\t\t\t\t\t\t<\/a>\n\t\t\t\t\t\t<a>\n\t\t\t\t\t<img decoding=\"async\" src=\"https:\/\/www.imagenesgraficas.com\/wp-content\/uploads\/2020\/07\/Promocionales-a-la-medida-3.jpg\" alt=\"Promocionales-a-la-medida-3\">\n\t\t\t\t\t\t\t\t\t\t\t\t\t\t\t\t\t\t\t\t\t\t\t\t\t\t\t\tProductos de madera\n\t\t\t<\/a>\n\t\t\t\t\t\t\t\t\t\t<a href=\"https:\/\/www.imagenesgraficas.com\/wp-content\/uploads\/2020\/07\/Gift-en-madera-tabla-de-queso1-min.jpg\" data-fancybox=\"pp-album-\" data-caption=\"Tabla de queso\">\n\t\t\t\t\t\t\t<img decoding=\"async\" src=\"https:\/\/www.imagenesgraficas.com\/wp-content\/uploads\/2020\/07\/Gift-en-madera-tabla-de-queso1-min.jpg\" alt=\"Tabla de queso\" \/>\n\t\t\t\t\t\t<\/a>\n\t\t\t\t\t\t\t\t\t\t\t<a href=\"https:\/\/www.imagenesgraficas.com\/wp-content\/uploads\/2020\/07\/Gift-en-madera-recetario-en-madera.jpg\" data-fancybox=\"pp-album-\" data-caption=\"Recetario en madera\">\n\t\t\t\t\t\t\t<img decoding=\"async\" src=\"https:\/\/www.imagenesgraficas.com\/wp-content\/uploads\/2020\/07\/Gift-en-madera-recetario-en-madera.jpg\" alt=\"Recetario en madera\" \/>\n\t\t\t\t\t\t<\/a>\n\t\t\t\t\t\t<a>\n\t\t\t\t\t<img decoding=\"async\" src=\"https:\/\/www.imagenesgraficas.com\/wp-content\/uploads\/2020\/07\/Promocionales-a-la-medida-4.jpg\" alt=\"Promocionales-a-la-medida-4\">\n\t\t\t\t\t\t\t\t\t\t\t\t\t\t\t\t\t\t\t\t\t\t\t\t\t\t\t\tTextiles impresos a full color\n\t\t\t<\/a>\n\t\t\t\t\t\t\t\t\t\t<a href=\"https:\/\/www.imagenesgraficas.com\/wp-content\/uploads\/2019\/08\/imagenes-graficasMesa-de-trabajo-110-copia-5-agencia-1.jpg\" data-fancybox=\"pp-album-\" data-caption=\"imagenes-graficasMesa de trabajo 110 copia 5-agencia\">\n\t\t\t\t\t\t\t<img decoding=\"async\" src=\"https:\/\/www.imagenesgraficas.com\/wp-content\/uploads\/2019\/08\/imagenes-graficasMesa-de-trabajo-110-copia-5-agencia-1.jpg\" alt=\"Cuadernos \" \/>\n\t\t\t\t\t\t<\/a>\n\t\t\t\t\t\t\t\t\t\t\t<a href=\"https:\/\/www.imagenesgraficas.com\/wp-content\/uploads\/2019\/08\/cuaderno2-imagenes-graficas-1.jpg\" data-fancybox=\"pp-album-\" data-caption=\"cuaderno2-imagenes-graficas\">\n\t\t\t\t\t\t\t<img decoding=\"async\" src=\"https:\/\/www.imagenesgraficas.com\/wp-content\/uploads\/2019\/08\/cuaderno2-imagenes-graficas-1.jpg\" alt=\"Cuadernos \" \/>\n\t\t\t\t\t\t<\/a>\n\t\t\t\t\t\t<a>\n\t\t\t\t\t<img decoding=\"async\" src=\"https:\/\/www.imagenesgraficas.com\/wp-content\/uploads\/2020\/07\/Promocionales-a-la-medida-5.jpg\" alt=\"Promocionales-a-la-medida-5\">\n\t\t\t\t\t\t\t\t\t\t\t\t\t\t\t\t\t\t\t\t\t\t\t\t\t\t\t\tPromocionales en tela no tejida (cambre)\n\t\t\t<\/a>\n\t\t\t\t\t\t\t\t\t\t<a href=\"https:\/\/www.imagenesgraficas.com\/wp-content\/uploads\/2019\/08\/imagenes-graficasMesa-de-trabajo-110-copia-5-agencia-1.jpg\" data-fancybox=\"pp-album-\" data-caption=\"imagenes-graficasMesa de trabajo 110 copia 5-agencia\">\n\t\t\t\t\t\t\t<img decoding=\"async\" src=\"https:\/\/www.imagenesgraficas.com\/wp-content\/uploads\/2019\/08\/imagenes-graficasMesa-de-trabajo-110-copia-5-agencia-1.jpg\" alt=\"Cuadernos \" \/>\n\t\t\t\t\t\t<\/a>\n\t\t\t\t\t\t\t\t\t\t\t<a href=\"https:\/\/www.imagenesgraficas.com\/wp-content\/uploads\/2019\/08\/cuaderno2-imagenes-graficas-1.jpg\" data-fancybox=\"pp-album-\" data-caption=\"cuaderno2-imagenes-graficas\">\n\t\t\t\t\t\t\t<img decoding=\"async\" src=\"https:\/\/www.imagenesgraficas.com\/wp-content\/uploads\/2019\/08\/cuaderno2-imagenes-graficas-1.jpg\" alt=\"Cuadernos \" \/>\n\t\t\t\t\t\t<\/a>\n\t\t\t\t\t\t<a>\n\t\t\t\t\t<img decoding=\"async\" src=\"https:\/\/www.imagenesgraficas.com\/wp-content\/uploads\/2020\/07\/Promocionales-a-la-medida-6.jpg\" alt=\"Promocionales-a-la-medida-6\">\n\t\t\t\t\t\t\t\t\t\t\t\t\t\t\t\t\t\t\t\t\t\t\t\t\t\t\t\tHechos en papel y agendas\n\t\t\t<\/a>\n\t\t\t\t\t\t\t\t\t\t<a href=\"https:\/\/www.imagenesgraficas.com\/wp-content\/uploads\/2019\/08\/imagenes-graficasMesa-de-trabajo-110-copia-5-agencia-1.jpg\" data-fancybox=\"pp-album-\" data-caption=\"imagenes-graficasMesa de trabajo 110 copia 5-agencia\">\n\t\t\t\t\t\t\t<img decoding=\"async\" src=\"https:\/\/www.imagenesgraficas.com\/wp-content\/uploads\/2019\/08\/imagenes-graficasMesa-de-trabajo-110-copia-5-agencia-1.jpg\" alt=\"Cuadernos \" \/>\n\t\t\t\t\t\t<\/a>\n\t\t\t\t\t\t\t\t\t\t\t<a href=\"https:\/\/www.imagenesgraficas.com\/wp-content\/uploads\/2019\/08\/cuaderno2-imagenes-graficas-1.jpg\" data-fancybox=\"pp-album-\" data-caption=\"cuaderno2-imagenes-graficas\">\n\t\t\t\t\t\t\t<img decoding=\"async\" src=\"https:\/\/www.imagenesgraficas.com\/wp-content\/uploads\/2019\/08\/cuaderno2-imagenes-graficas-1.jpg\" alt=\"Cuadernos \" \/>\n\t\t\t\t\t\t<\/a>\n\t\t\t\t\t\t<a>\n\t\t\t\t\t<img decoding=\"async\" src=\"https:\/\/www.imagenesgraficas.com\/wp-content\/uploads\/2020\/07\/Promocionales-a-la-medida-7.jpg\" alt=\"Promocionales-a-la-medida-7\">\n\t\t\t\t\t\t\t\t\t\t\t\t\t\t\t\t\t\t\t\t\t\t\t\t\t\t\t\tMaletas, morrales y accesorios\n\t\t\t<\/a>\n\t\t\t\t\t\t\t\t\t\t<a href=\"https:\/\/www.imagenesgraficas.com\/wp-content\/uploads\/2020\/07\/maletines-y-bolsos-maleta-foldable-min.jpg\" data-fancybox=\"pp-album-\" data-caption=\"Maleta foldable\">\n\t\t\t\t\t\t\t<img decoding=\"async\" src=\"https:\/\/www.imagenesgraficas.com\/wp-content\/uploads\/2020\/07\/maletines-y-bolsos-maleta-foldable-min.jpg\" alt=\"Maleta foldable\" \/>\n\t\t\t\t\t\t<\/a>\n\t\t\t\t\t\t\t\t\t\t\t<a href=\"https:\/\/www.imagenesgraficas.com\/wp-content\/uploads\/2020\/07\/maletines-y-bolsos-maletin-masivo-para-BTS-min.jpg\" data-fancybox=\"pp-album-\" data-caption=\"Malet\u00edn masivo para BTS\">\n\t\t\t\t\t\t\t<img decoding=\"async\" src=\"https:\/\/www.imagenesgraficas.com\/wp-content\/uploads\/2020\/07\/maletines-y-bolsos-maletin-masivo-para-BTS-min.jpg\" alt=\"Malet\u00edn masivo para BTS\" \/>\n\t\t\t\t\t\t<\/a>\n\t\t\t\t\t\t\t\t\t\t\t<a href=\"https:\/\/www.imagenesgraficas.com\/wp-content\/uploads\/2020\/07\/set-de-viaje-estuche-en-clear-y-recipientes-reutilizables.jpg\" data-fancybox=\"pp-album-\" data-caption=\"Set de viaje estuche en clear y recipientes reutilizables\">\n\t\t\t\t\t\t\t<img decoding=\"async\" src=\"https:\/\/www.imagenesgraficas.com\/wp-content\/uploads\/2020\/07\/set-de-viaje-estuche-en-clear-y-recipientes-reutilizables.jpg\" alt=\"Set de viaje estuche en clear y recipientes reutilizables\" \/>\n\t\t\t\t\t\t<\/a>\n\t\t\t\t\t\t<a>\n\t\t\t\t\t<img decoding=\"async\" src=\"https:\/\/www.imagenesgraficas.com\/wp-content\/uploads\/2020\/07\/Promocionales-a-la-medida-8.jpg\" alt=\"Promocionales-a-la-medida-8\">\n\t\t\t\t\t\t\t\t\t\t\t\t\t\t\t\t\t\t\t\t\t\t\t\t\t\t\t\tImantados\n\t\t\t<\/a>\n\t\t\t\t\t\t\t\t\t\t<a href=\"https:\/\/www.imagenesgraficas.com\/wp-content\/uploads\/2020\/07\/Imantados-toma-notas.jpg\" data-fancybox=\"pp-album-\" data-caption=\"Toma notas\">\n\t\t\t\t\t\t\t<img decoding=\"async\" src=\"https:\/\/www.imagenesgraficas.com\/wp-content\/uploads\/2020\/07\/Imantados-toma-notas.jpg\" alt=\"Toma notas\" \/>\n\t\t\t\t\t\t<\/a>\n\t\t\t\t\t\t\t\t\t\t\t<a href=\"https:\/\/www.imagenesgraficas.com\/wp-content\/uploads\/2020\/07\/Imantados-Tablero-imantado-borrable.jpg\" data-fancybox=\"pp-album-\" data-caption=\"Tablero imantado borrable\">\n\t\t\t\t\t\t\t<img decoding=\"async\" src=\"https:\/\/www.imagenesgraficas.com\/wp-content\/uploads\/2020\/07\/Imantados-Tablero-imantado-borrable.jpg\" alt=\"Tablero imantado borrable\" \/>\n\t\t\t\t\t\t<\/a>\n\t\t\t\t\t\t\t\t\t\t\t<a href=\"https:\/\/www.imagenesgraficas.com\/wp-content\/uploads\/2020\/07\/Imantados-Set-de-imanes-nevera.jpg\" data-fancybox=\"pp-album-\" data-caption=\"Set de imanes nevera\">\n\t\t\t\t\t\t\t<img decoding=\"async\" src=\"https:\/\/www.imagenesgraficas.com\/wp-content\/uploads\/2020\/07\/Imantados-Set-de-imanes-nevera.jpg\" alt=\"Set de imanes nevera\" \/>\n\t\t\t\t\t\t<\/a>\n\t\t\t\t\t\t<a>\n\t\t\t\t\t<img decoding=\"async\" src=\"https:\/\/www.imagenesgraficas.com\/wp-content\/uploads\/2020\/07\/Promocionales-a-la-medida-9.jpg\" alt=\"Promocionales-a-la-medida-9\">\n\t\t\t\t\t\t\t\t\t\t\t\t\t\t\t\t\t\t\t\t\t\t\t\t\t\t\t\tEmpaques especiales\n\t\t\t<\/a>\n\t\t\t\t\t\t\t\t\t\t<a href=\"https:\/\/www.imagenesgraficas.com\/wp-content\/uploads\/2019\/08\/imagenes-graficasMesa-de-trabajo-110-copia-5-agencia-1.jpg\" data-fancybox=\"pp-album-\" data-caption=\"imagenes-graficasMesa de trabajo 110 copia 5-agencia\">\n\t\t\t\t\t\t\t<img decoding=\"async\" src=\"https:\/\/www.imagenesgraficas.com\/wp-content\/uploads\/2019\/08\/imagenes-graficasMesa-de-trabajo-110-copia-5-agencia-1.jpg\" alt=\"Cuadernos \" \/>\n\t\t\t\t\t\t<\/a>\n\t\t\t\t\t\t\t\t\t\t\t<a href=\"https:\/\/www.imagenesgraficas.com\/wp-content\/uploads\/2019\/08\/cuaderno2-imagenes-graficas-1.jpg\" data-fancybox=\"pp-album-\" data-caption=\"cuaderno2-imagenes-graficas\">\n\t\t\t\t\t\t\t<img decoding=\"async\" src=\"https:\/\/www.imagenesgraficas.com\/wp-content\/uploads\/2019\/08\/cuaderno2-imagenes-graficas-1.jpg\" alt=\"Cuadernos \" \/>\n\t\t\t\t\t\t<\/a>\n\t\t\t\t\t\t<a>\n\t\t\t\t\t<img decoding=\"async\" src=\"https:\/\/www.imagenesgraficas.com\/wp-content\/uploads\/2020\/07\/Promocionales-a-la-medida-10.jpg\" alt=\"Promocionales-a-la-medida-10\">\n\t\t\t\t\t\t\t\t\t\t\t\t\t\t\t\t\t\t\t\t\t\t\t\t\t\t\t\tCuero y manofaturados \n\t\t\t<\/a>\n\t\t\t\t\t\t\t\t\t\t<a href=\"https:\/\/www.imagenesgraficas.com\/wp-content\/uploads\/2019\/08\/imagenes-graficasMesa-de-trabajo-110-copia-5-agencia-1.jpg\" data-fancybox=\"pp-album-\" data-caption=\"imagenes-graficasMesa de trabajo 110 copia 5-agencia\">\n\t\t\t\t\t\t\t<img decoding=\"async\" src=\"https:\/\/www.imagenesgraficas.com\/wp-content\/uploads\/2019\/08\/imagenes-graficasMesa-de-trabajo-110-copia-5-agencia-1.jpg\" alt=\"Cuadernos \" \/>\n\t\t\t\t\t\t<\/a>\n\t\t\t\t\t\t\t\t\t\t\t<a href=\"https:\/\/www.imagenesgraficas.com\/wp-content\/uploads\/2019\/08\/cuaderno2-imagenes-graficas-1.jpg\" data-fancybox=\"pp-album-\" data-caption=\"cuaderno2-imagenes-graficas\">\n\t\t\t\t\t\t\t<img decoding=\"async\" src=\"https:\/\/www.imagenesgraficas.com\/wp-content\/uploads\/2019\/08\/cuaderno2-imagenes-graficas-1.jpg\" alt=\"Cuadernos \" \/>\n\t\t\t\t\t\t<\/a>\n\t\t\t\t\t\t<a>\n\t\t\t\t\t<img decoding=\"async\" src=\"https:\/\/www.imagenesgraficas.com\/wp-content\/uploads\/2020\/07\/Promocionales-a-la-medida-11.jpg\" alt=\"Promocionales-a-la-medida-11\">\n\t\t\t\t\t\t\t\t\t\t\t\t\t\t\t\t\t\t\t\t\t\t\t\t\t\t\t\tTextiles y moda\n\t\t\t<\/a>\n\t\t\t\t\t\t\t\t\t\t<a href=\"https:\/\/www.imagenesgraficas.com\/wp-content\/uploads\/2019\/08\/imagenes-graficasMesa-de-trabajo-110-copia-5-agencia-1.jpg\" data-fancybox=\"pp-album-\" data-caption=\"imagenes-graficasMesa de trabajo 110 copia 5-agencia\">\n\t\t\t\t\t\t\t<img decoding=\"async\" src=\"https:\/\/www.imagenesgraficas.com\/wp-content\/uploads\/2019\/08\/imagenes-graficasMesa-de-trabajo-110-copia-5-agencia-1.jpg\" alt=\"Cuadernos \" \/>\n\t\t\t\t\t\t<\/a>\n\t\t\t\t\t\t\t\t\t\t\t<a href=\"https:\/\/www.imagenesgraficas.com\/wp-content\/uploads\/2019\/08\/cuaderno2-imagenes-graficas-1.jpg\" data-fancybox=\"pp-album-\" data-caption=\"cuaderno2-imagenes-graficas\">\n\t\t\t\t\t\t\t<img decoding=\"async\" src=\"https:\/\/www.imagenesgraficas.com\/wp-content\/uploads\/2019\/08\/cuaderno2-imagenes-graficas-1.jpg\" alt=\"Cuadernos \" \/>\n\t\t\t\t\t\t<\/a>\n\t\t\t\t\t\t<a>\n\t\t\t\t\t<img decoding=\"async\" src=\"https:\/\/www.imagenesgraficas.com\/wp-content\/uploads\/2020\/07\/Promocionales-a-la-medida-12.jpg\" alt=\"Promocionales-a-la-medida-12\">\n\t\t\t\t\t\t\t\t\t\t\t\t\t\t\t\t\t\t\t\t\t\t\t\t\t\t\t\tAnchetas\n\t\t\t<\/a>\n\t\t\t\t\t\t\t\t\t\t<a href=\"https:\/\/www.imagenesgraficas.com\/wp-content\/uploads\/2019\/08\/imagenes-graficasMesa-de-trabajo-110-copia-5-agencia-1.jpg\" data-fancybox=\"pp-album-\" data-caption=\"imagenes-graficasMesa de trabajo 110 copia 5-agencia\">\n\t\t\t\t\t\t\t<img decoding=\"async\" src=\"https:\/\/www.imagenesgraficas.com\/wp-content\/uploads\/2019\/08\/imagenes-graficasMesa-de-trabajo-110-copia-5-agencia-1.jpg\" alt=\"Cuadernos \" \/>\n\t\t\t\t\t\t<\/a>\n\t\t\t\t\t\t\t\t\t\t\t<a href=\"https:\/\/www.imagenesgraficas.com\/wp-content\/uploads\/2019\/08\/cuaderno2-imagenes-graficas-1.jpg\" data-fancybox=\"pp-album-\" data-caption=\"cuaderno2-imagenes-graficas\">\n\t\t\t\t\t\t\t<img decoding=\"async\" src=\"https:\/\/www.imagenesgraficas.com\/wp-content\/uploads\/2019\/08\/cuaderno2-imagenes-graficas-1.jpg\" alt=\"Cuadernos \" \/>\n\t\t\t\t\t\t<\/a>\n\t\t\t\t\t\t<a>\n\t\t\t\t\t<img decoding=\"async\" src=\"https:\/\/www.imagenesgraficas.com\/wp-content\/uploads\/2020\/07\/Promocionales-a-la-medida-13.jpg\" alt=\"Promocionales-a-la-medida-13\">\n\t\t\t\t\t\t\t\t\t\t\t\t\t\t\t\t\t\t\t\t\t\t\t\t\t\t\t\tAgendas\n\t\t\t<\/a>\n\t\t\t\t\t\t\t\t\t\t<a href=\"https:\/\/www.imagenesgraficas.com\/wp-content\/uploads\/2020\/07\/cuadernos-y-agendas-empaques-especiales-min.jpg\" data-fancybox=\"pp-album-\" data-caption=\"Empaques especiales\">\n\t\t\t\t\t\t\t<img decoding=\"async\" src=\"https:\/\/www.imagenesgraficas.com\/wp-content\/uploads\/2020\/07\/cuadernos-y-agendas-empaques-especiales-min.jpg\" alt=\"Empaques especiales\" \/>\n\t\t\t\t\t\t<\/a>\n\t\t\t\t\t\t\t\t\t\t\t<a href=\"https:\/\/www.imagenesgraficas.com\/wp-content\/uploads\/2020\/07\/cuadernos-y-agendas-cuaderno-escolar-masivo-min.jpg\" data-fancybox=\"pp-album-\" data-caption=\"Cuaderno escolar masivo\">\n\t\t\t\t\t\t\t<img decoding=\"async\" src=\"https:\/\/www.imagenesgraficas.com\/wp-content\/uploads\/2020\/07\/cuadernos-y-agendas-cuaderno-escolar-masivo-min.jpg\" alt=\"Cuaderno escolar masivo\" \/>\n\t\t\t\t\t\t<\/a>\n\t\t\t\t\t\t\t\t\t\t\t<a href=\"https:\/\/www.imagenesgraficas.com\/wp-content\/uploads\/2020\/07\/cuadernos-y-agendas-cuadernos-notas-de-moda-min.jpg\" data-fancybox=\"pp-album-\" data-caption=\"Cuadernos notas de moda\">\n\t\t\t\t\t\t\t<img decoding=\"async\" src=\"https:\/\/www.imagenesgraficas.com\/wp-content\/uploads\/2020\/07\/cuadernos-y-agendas-cuadernos-notas-de-moda-min.jpg\" alt=\"Cuadernos notas de moda\" \/>\n\t\t\t\t\t\t<\/a>\n\t\t\t\t\t\t\t\t\t\t\t<a href=\"https:\/\/www.imagenesgraficas.com\/wp-content\/uploads\/2020\/07\/cuadernos-y-agendas-eco-con-caratula-en-madera-min.jpg\" data-fancybox=\"pp-album-\" data-caption=\"Cuaderno ECO con caratula en madera\">\n\t\t\t\t\t\t\t<img decoding=\"async\" src=\"https:\/\/www.imagenesgraficas.com\/wp-content\/uploads\/2020\/07\/cuadernos-y-agendas-eco-con-caratula-en-madera-min.jpg\" alt=\"Cuaderno ECO con caratula en madera\" \/>\n\t\t\t\t\t\t<\/a>\n\t\t\t\t\t\t\t\t\t\t\t<a href=\"https:\/\/www.imagenesgraficas.com\/wp-content\/uploads\/2020\/07\/cuadernos-y-agendas-set-cuaderno-cartuchera-con-el\u00e1stico-min.jpg\" data-fancybox=\"pp-album-\" data-caption=\"Set cuaderno + cartuchera con el\u00e1stico\">\n\t\t\t\t\t\t\t<img decoding=\"async\" src=\"https:\/\/www.imagenesgraficas.com\/wp-content\/uploads\/2020\/07\/cuadernos-y-agendas-set-cuaderno-cartuchera-con-el\u00e1stico-min.jpg\" alt=\"Set cuaderno + cartuchera con el\u00e1stico\" \/>\n\t\t\t\t\t\t<\/a>\n\t\t\t\t\t\t<a>\n\t\t\t\t\t<img decoding=\"async\" src=\"https:\/\/www.imagenesgraficas.com\/wp-content\/uploads\/2020\/06\/cosmeti.jpg\" alt=\"cosmeti\">\n\t\t\t\t\t\t\t\t\t\t\t\t\t\t\t\t\t\t\t\t\t\t\t\t\t\t\t\tCosmetiqueras, bolsos y estuches\n\t\t\t<\/a>\n\t\t\t\t\t\t\t\t\t\t<a href=\"https:\/\/www.imagenesgraficas.com\/wp-content\/uploads\/2020\/07\/cosmetiqueras-elaborada-en-sintetico-tornasol-min.jpg\" data-fancybox=\"pp-album-\" data-caption=\"Elaborada en sint\u00e9tico tornasol\">\n\t\t\t\t\t\t\t<img decoding=\"async\" src=\"https:\/\/www.imagenesgraficas.com\/wp-content\/uploads\/2020\/07\/cosmetiqueras-elaborada-en-sintetico-tornasol-min.jpg\" alt=\"Elaborada en sint\u00e9tico tornasol\" \/>\n\t\t\t\t\t\t<\/a>\n\t\t\t\t\t\t\t\t\t\t\t<a href=\"https:\/\/www.imagenesgraficas.com\/wp-content\/uploads\/2020\/07\/cosmetiqueras-elaborada-en-clear-con-impresion-en-tela-1-min.jpg\" data-fancybox=\"pp-album-\" data-caption=\"Elaborada en clear con impresi\u00f3n en tela\">\n\t\t\t\t\t\t\t<img decoding=\"async\" src=\"https:\/\/www.imagenesgraficas.com\/wp-content\/uploads\/2020\/07\/cosmetiqueras-elaborada-en-clear-con-impresion-en-tela-1-min.jpg\" alt=\"Elaborada en clear con impresi\u00f3n en tela\" \/>\n\t\t\t\t\t\t<\/a>\n\t\t\t\t\t\t\t\t\t\t\t<a href=\"https:\/\/www.imagenesgraficas.com\/wp-content\/uploads\/2020\/07\/cosmetiqueras-Ideales-como-complementos-de-viaje-min.jpg\" data-fancybox=\"pp-album-\" data-caption=\"Ideales como complementos de viaje\">\n\t\t\t\t\t\t\t<img decoding=\"async\" src=\"https:\/\/www.imagenesgraficas.com\/wp-content\/uploads\/2020\/07\/cosmetiqueras-Ideales-como-complementos-de-viaje-min.jpg\" alt=\"Ideales como complementos de viaje\" \/>\n\t\t\t\t\t\t<\/a>\n\t\t\t\t\t\t\t\t\t\t\t<a href=\"https:\/\/www.imagenesgraficas.com\/wp-content\/uploads\/2020\/07\/cosmetiqueras-elaborada-en-clear-con-impresion-en-tela-min.jpg\" data-fancybox=\"pp-album-\" data-caption=\"Elaborada en clear con impresi\u00f3n en tela\">\n\t\t\t\t\t\t\t<img decoding=\"async\" src=\"https:\/\/www.imagenesgraficas.com\/wp-content\/uploads\/2020\/07\/cosmetiqueras-elaborada-en-clear-con-impresion-en-tela-min.jpg\" alt=\"Elaborada en clear con impresi\u00f3n en tela\" \/>\n\t\t\t\t\t\t<\/a>\n\t\t\t\t\t\t\t\t\t\t\t<a href=\"https:\/\/www.imagenesgraficas.com\/wp-content\/uploads\/2020\/07\/cosmetiqueras-Cuadrada-animal-print-min.jpg\" data-fancybox=\"pp-album-\" data-caption=\"Cuadrada animal print\">\n\t\t\t\t\t\t\t<img decoding=\"async\" src=\"https:\/\/www.imagenesgraficas.com\/wp-content\/uploads\/2020\/07\/cosmetiqueras-Cuadrada-animal-print-min.jpg\" alt=\"Cuadrada animal print\" \/>\n\t\t\t\t\t\t<\/a>\n\t\t\t\t\t\t\t\t\t\t\t<a href=\"https:\/\/www.imagenesgraficas.com\/wp-content\/uploads\/2020\/07\/cosmetiqueras-con-impresion-a-full-color-en-tela-min.jpg\" data-fancybox=\"pp-album-\" data-caption=\"Con impresi\u00f3n a full color en tela\">\n\t\t\t\t\t\t\t<img decoding=\"async\" src=\"https:\/\/www.imagenesgraficas.com\/wp-content\/uploads\/2020\/07\/cosmetiqueras-con-impresion-a-full-color-en-tela-min.jpg\" alt=\"Con impresi\u00f3n a full color en tela\" \/>\n\t\t\t\t\t\t<\/a>\n\t\t\t\t\t\t\t\t\t\t\t<a href=\"https:\/\/www.imagenesgraficas.com\/wp-content\/uploads\/2020\/07\/cosmetiqueras-Elaborada-en-cuero-ecologico-min.jpg\" data-fancybox=\"pp-album-\" data-caption=\"cosmetiqueras Elaborada en cuero ecologico-min\">\n\t\t\t\t\t\t\t<img decoding=\"async\" src=\"https:\/\/www.imagenesgraficas.com\/wp-content\/uploads\/2020\/07\/cosmetiqueras-Elaborada-en-cuero-ecologico-min.jpg\" alt=\"cosmetiqueras Elaborada en cuero ecologico-min\" \/>\n\t\t\t\t\t\t<\/a>\n\t\t\t\t\t\t<a>\n\t\t\t\t\t<img decoding=\"async\" src=\"https:\/\/www.imagenesgraficas.com\/wp-content\/uploads\/2020\/07\/Promocionales-a-la-medida-14.jpg\" alt=\"Promocionales-a-la-medida-14\">\n\t\t\t\t\t\t\t\t\t\t\t\t\t\t\t\t\t\t\t\t\t\t\t\t\t\t\t\tGift sets\n\t\t\t<\/a>\n\t\t\t\t\t\t\t\t\t\t<a href=\"https:\/\/www.imagenesgraficas.com\/wp-content\/uploads\/2019\/08\/imagenes-graficasMesa-de-trabajo-110-copia-5-agencia-1.jpg\" data-fancybox=\"pp-album-\" data-caption=\"imagenes-graficasMesa de trabajo 110 copia 5-agencia\">\n\t\t\t\t\t\t\t<img decoding=\"async\" src=\"https:\/\/www.imagenesgraficas.com\/wp-content\/uploads\/2019\/08\/imagenes-graficasMesa-de-trabajo-110-copia-5-agencia-1.jpg\" alt=\"Cuadernos \" \/>\n\t\t\t\t\t\t<\/a>\n\t\t\t\t\t\t\t\t\t\t\t<a href=\"https:\/\/www.imagenesgraficas.com\/wp-content\/uploads\/2019\/08\/cuaderno2-imagenes-graficas-1.jpg\" data-fancybox=\"pp-album-\" data-caption=\"cuaderno2-imagenes-graficas\">\n\t\t\t\t\t\t\t<img decoding=\"async\" src=\"https:\/\/www.imagenesgraficas.com\/wp-content\/uploads\/2019\/08\/cuaderno2-imagenes-graficas-1.jpg\" alt=\"Cuadernos \" \/>\n\t\t\t\t\t\t<\/a>\n\t\t\t\t\t\t<a>\n\t\t\t\t\t<img decoding=\"async\" src=\"https:\/\/www.imagenesgraficas.com\/wp-content\/uploads\/2020\/07\/Promocionales-a-la-medida-15.jpg\" alt=\"Promocionales-a-la-medida-15\">\n\t\t\t\t\t\t\t\t\t\t\t\t\t\t\t\t\t\t\t\t\t\t\t\t\t\t\t\tHogar y decoraci\u00f3n \n\t\t\t<\/a>\n\t\t\t\t\t\t\t\t\t\t<a href=\"https:\/\/www.imagenesgraficas.com\/wp-content\/uploads\/2019\/08\/imagenes-graficasMesa-de-trabajo-110-copia-5-agencia-1.jpg\" data-fancybox=\"pp-album-\" data-caption=\"imagenes-graficasMesa de trabajo 110 copia 5-agencia\">\n\t\t\t\t\t\t\t<img decoding=\"async\" src=\"https:\/\/www.imagenesgraficas.com\/wp-content\/uploads\/2019\/08\/imagenes-graficasMesa-de-trabajo-110-copia-5-agencia-1.jpg\" alt=\"Cuadernos \" \/>\n\t\t\t\t\t\t<\/a>\n\t\t\t\t\t\t\t\t\t\t\t<a href=\"https:\/\/www.imagenesgraficas.com\/wp-content\/uploads\/2019\/08\/cuaderno2-imagenes-graficas-1.jpg\" data-fancybox=\"pp-album-\" data-caption=\"cuaderno2-imagenes-graficas\">\n\t\t\t\t\t\t\t<img decoding=\"async\" src=\"https:\/\/www.imagenesgraficas.com\/wp-content\/uploads\/2019\/08\/cuaderno2-imagenes-graficas-1.jpg\" alt=\"Cuadernos \" \/>\n\t\t\t\t\t\t<\/a>\n\t\t\t\t\t\t<a>\n\t\t\t\t\t<img decoding=\"async\" src=\"https:\/\/www.imagenesgraficas.com\/wp-content\/uploads\/2020\/07\/Promocionales-a-la-medida-16.jpg\" alt=\"Promocionales-a-la-medida-16\">\n\t\t\t\t\t\t\t\t\t\t\t\t\t\t\t\t\t\t\t\t\t\t\t\t\t\t\t\tEcol\u00f3gicos\n\t\t\t<\/a>\n\t\t\t\t\t\t\t\t\t\t<a href=\"https:\/\/www.imagenesgraficas.com\/wp-content\/uploads\/2019\/08\/imagenes-graficasMesa-de-trabajo-110-copia-5-agencia-1.jpg\" data-fancybox=\"pp-album-\" data-caption=\"imagenes-graficasMesa de trabajo 110 copia 5-agencia\">\n\t\t\t\t\t\t\t<img decoding=\"async\" src=\"https:\/\/www.imagenesgraficas.com\/wp-content\/uploads\/2019\/08\/imagenes-graficasMesa-de-trabajo-110-copia-5-agencia-1.jpg\" alt=\"Cuadernos \" \/>\n\t\t\t\t\t\t<\/a>\n\t\t\t\t\t\t\t\t\t\t\t<a href=\"https:\/\/www.imagenesgraficas.com\/wp-content\/uploads\/2019\/08\/cuaderno2-imagenes-graficas-1.jpg\" data-fancybox=\"pp-album-\" data-caption=\"cuaderno2-imagenes-graficas\">\n\t\t\t\t\t\t\t<img decoding=\"async\" src=\"https:\/\/www.imagenesgraficas.com\/wp-content\/uploads\/2019\/08\/cuaderno2-imagenes-graficas-1.jpg\" alt=\"Cuadernos \" \/>\n\t\t\t\t\t\t<\/a>\n\t\t\t\t\t\t<a>\n\t\t\t\t\t<img decoding=\"async\" src=\"https:\/\/www.imagenesgraficas.com\/wp-content\/uploads\/2020\/07\/Promocionales-a-la-medida-17.jpg\" alt=\"Promocionales-a-la-medida-17\">\n\t\t\t\t\t\t\t\t\t\t\t\t\t\t\t\t\t\t\t\t\t\t\t\t\t\t\t\tL\u00ednea escolar\n\t\t\t<\/a>\n\t\t\t\t\t\t\t\t\t\t<a href=\"https:\/\/www.imagenesgraficas.com\/wp-content\/uploads\/2020\/07\/regreso-a-clasesset-escolar.jpg\" data-fancybox=\"pp-album-\" data-caption=\"Set escolar\">\n\t\t\t\t\t\t\t<img decoding=\"async\" src=\"https:\/\/www.imagenesgraficas.com\/wp-content\/uploads\/2020\/07\/regreso-a-clasesset-escolar.jpg\" alt=\"Set escolar\" \/>\n\t\t\t\t\t\t<\/a>\n\t\t\t\t\t\t\t\t\t\t\t<a href=\"https:\/\/www.imagenesgraficas.com\/wp-content\/uploads\/2020\/07\/regreso-a-clases-cartuchera-cilindrica-2.jpg\" data-fancybox=\"pp-album-\" data-caption=\"Cartuchera cil\u00edndrica\">\n\t\t\t\t\t\t\t<img decoding=\"async\" src=\"https:\/\/www.imagenesgraficas.com\/wp-content\/uploads\/2020\/07\/regreso-a-clases-cartuchera-cilindrica-2.jpg\" alt=\"Cartuchera cil\u00edndrica\" \/>\n\t\t\t\t\t\t<\/a>\n\t\t\t\t\t\t\t\t\t\t\t<a href=\"https:\/\/www.imagenesgraficas.com\/wp-content\/uploads\/2020\/07\/regreso-a-clases-cartuchera-cilindrica-min.jpg\" data-fancybox=\"pp-album-\" data-caption=\"Cartuchera cil\u00edndrica\">\n\t\t\t\t\t\t\t<img decoding=\"async\" src=\"https:\/\/www.imagenesgraficas.com\/wp-content\/uploads\/2020\/07\/regreso-a-clases-cartuchera-cilindrica-min.jpg\" alt=\"Cartuchera cil\u00edndrica\" \/>\n\t\t\t\t\t\t<\/a>\n\t\t\t\t\t\t\t\t\t\t\t<a href=\"https:\/\/www.imagenesgraficas.com\/wp-content\/uploads\/2020\/07\/regreso-a-clases-portalapices.jpg\" data-fancybox=\"pp-album-\" data-caption=\"Portalapices\">\n\t\t\t\t\t\t\t<img decoding=\"async\" src=\"https:\/\/www.imagenesgraficas.com\/wp-content\/uploads\/2020\/07\/regreso-a-clases-portalapices.jpg\" alt=\"Portalapices\" \/>\n\t\t\t\t\t\t<\/a>\n\t\t\t\t\t\t<a>\n\t\t\t\t\t<img decoding=\"async\" src=\"https:\/\/www.imagenesgraficas.com\/wp-content\/uploads\/2020\/07\/Promocionales-a-la-medida-18.jpg\" alt=\"Promocionales-a-la-medida-18\">\n\t\t\t\t\t\t\t\t\t\t\t\t\t\t\t\t\t\t\t\t\t\t\t\t\t\t\t\tBisuter\u00eda\n\t\t\t<\/a>\n\t\t\t\t\t\t\t\t\t\t<a href=\"https:\/\/www.imagenesgraficas.com\/wp-content\/uploads\/2019\/08\/imagenes-graficasMesa-de-trabajo-110-copia-5-agencia-1.jpg\" data-fancybox=\"pp-album-\" data-caption=\"imagenes-graficasMesa de trabajo 110 copia 5-agencia\">\n\t\t\t\t\t\t\t<img decoding=\"async\" src=\"https:\/\/www.imagenesgraficas.com\/wp-content\/uploads\/2019\/08\/imagenes-graficasMesa-de-trabajo-110-copia-5-agencia-1.jpg\" alt=\"Cuadernos \" \/>\n\t\t\t\t\t\t<\/a>\n\t\t\t\t\t\t\t\t\t\t\t<a href=\"https:\/\/www.imagenesgraficas.com\/wp-content\/uploads\/2019\/08\/cuaderno2-imagenes-graficas-1.jpg\" data-fancybox=\"pp-album-\" data-caption=\"cuaderno2-imagenes-graficas\">\n\t\t\t\t\t\t\t<img decoding=\"async\" src=\"https:\/\/www.imagenesgraficas.com\/wp-content\/uploads\/2019\/08\/cuaderno2-imagenes-graficas-1.jpg\" alt=\"Cuadernos \" \/>\n\t\t\t\t\t\t<\/a>\n\t\t\t\t\t\t<a>\n\t\t\t\t\t<img decoding=\"async\" src=\"https:\/\/www.imagenesgraficas.com\/wp-content\/uploads\/2020\/07\/Promocionales-a-la-medida-19.jpg\" alt=\"Promocionales-a-la-medida-19\">\n\t\t\t\t\t\t\t\t\t\t\t\t\t\t\t\t\t\t\t\t\t\t\t\t\t\t\t\tTemporadas\n\t\t\t<\/a>\n\t\t\t\t\t\t\t\t\t\t<a href=\"https:\/\/www.imagenesgraficas.com\/wp-content\/uploads\/2019\/08\/imagenes-graficasMesa-de-trabajo-110-copia-5-agencia-1.jpg\" data-fancybox=\"pp-album-\" data-caption=\"imagenes-graficasMesa de trabajo 110 copia 5-agencia\">\n\t\t\t\t\t\t\t<img decoding=\"async\" src=\"https:\/\/www.imagenesgraficas.com\/wp-content\/uploads\/2019\/08\/imagenes-graficasMesa-de-trabajo-110-copia-5-agencia-1.jpg\" alt=\"Cuadernos \" \/>\n\t\t\t\t\t\t<\/a>\n\t\t\t\t\t\t\t\t\t\t\t<a href=\"https:\/\/www.imagenesgraficas.com\/wp-content\/uploads\/2019\/08\/cuaderno2-imagenes-graficas-1.jpg\" data-fancybox=\"pp-album-\" data-caption=\"cuaderno2-imagenes-graficas\">\n\t\t\t\t\t\t\t<img decoding=\"async\" src=\"https:\/\/www.imagenesgraficas.com\/wp-content\/uploads\/2019\/08\/cuaderno2-imagenes-graficas-1.jpg\" alt=\"Cuadernos \" \/>\n\t\t\t\t\t\t<\/a>\n\t<p>Proyectos<\/p>\n\t\t\t\t\t\t<a>\n\t\t\t\t\t<img decoding=\"async\" src=\"https:\/\/www.imagenesgraficas.com\/wp-content\/uploads\/2020\/07\/delantales-delantal-impreso-a-full-color-min.jpg\" alt=\"Delantal impreso a full color\">\n\t\t\t\t\t\t\t\t\t\t\t\t\t\t\t\t\t\t\t\t\t\t\t\t\t\t\t\tBolsas\n\t\t\t<\/a>\n\t\t\t\t\t\t\t\t\t\t<a href=\"https:\/\/www.imagenesgraficas.com\/wp-content\/uploads\/2020\/07\/delantales-delantal-impreso-a-full-color-min.jpg\" data-fancybox=\"pp-album-\" data-caption=\"Delantal impreso a full color\">\n\t\t\t\t\t\t\t<img decoding=\"async\" src=\"https:\/\/www.imagenesgraficas.com\/wp-content\/uploads\/2020\/07\/delantales-delantal-impreso-a-full-color-min.jpg\" alt=\"Delantal impreso a full color\" \/>\n\t\t\t\t\t\t<\/a>\n\t\t\t\t\t\t\t\t\t\t\t<a href=\"https:\/\/www.imagenesgraficas.com\/wp-content\/uploads\/2020\/07\/delantales-de-lujo-elaborado-en-indigo-y-apliques-en-cuero-min.jpg\" data-fancybox=\"pp-album-\" data-caption=\"De lujo elaborado en \u00edndigo y apliques en cuero\">\n\t\t\t\t\t\t\t<img decoding=\"async\" src=\"https:\/\/www.imagenesgraficas.com\/wp-content\/uploads\/2020\/07\/delantales-de-lujo-elaborado-en-indigo-y-apliques-en-cuero-min.jpg\" alt=\"De lujo elaborado en \u00edndigo y apliques en cuero\" \/>\n\t\t\t\t\t\t<\/a>\n\t\t\t\t\t\t\t\t\t\t\t<a href=\"https:\/\/www.imagenesgraficas.com\/wp-content\/uploads\/2020\/07\/delantales-delantal-masivo-estampado-min.jpg\" data-fancybox=\"pp-album-\" data-caption=\"Delantal masivo estampado\">\n\t\t\t\t\t\t\t<img decoding=\"async\" src=\"https:\/\/www.imagenesgraficas.com\/wp-content\/uploads\/2020\/07\/delantales-delantal-masivo-estampado-min.jpg\" alt=\"Delantal masivo estampado\" \/>\n\t\t\t\t\t\t<\/a>\n\t\t\t\t\t\t<a>\n\t\t\t\t\t<img decoding=\"async\" src=\"https:\/\/www.imagenesgraficas.com\/wp-content\/uploads\/2020\/07\/EMPAQUES-ESPECIALES-empaque-madera-min-1.jpg\" alt=\"EMPAQUES-ESPECIALES-empaque-madera-min\">\n\t\t\t\t\t\t\t\t\t\t\t\t\t\t\t\t\t\t\t\t\t\t\t\t\t\t\t\tEmpaques especiales \n\t\t\t<\/a>\n\t\t\t\t\t\t\t\t\t\t<a href=\"https:\/\/www.imagenesgraficas.com\/wp-content\/uploads\/2020\/07\/EMPAQUES-ESPECIALES-empaque-madera-min-1.jpg\" data-fancybox=\"pp-album-\" data-caption=\"EMPAQUES-ESPECIALES-empaque-madera-min\">\n\t\t\t\t\t\t\t<img decoding=\"async\" src=\"https:\/\/www.imagenesgraficas.com\/wp-content\/uploads\/2020\/07\/EMPAQUES-ESPECIALES-empaque-madera-min-1.jpg\" alt=\"EMPAQUES-ESPECIALES-empaque-madera-min\" \/>\n\t\t\t\t\t\t<\/a>\n\t\t\t\t\t\t<a>\n\t\t\t\t\t<img decoding=\"async\" src=\"https:\/\/www.imagenesgraficas.com\/wp-content\/uploads\/2020\/07\/TULAS-Elaborada-en-lona-con-impresion-a-full-color-min.jpg\" alt=\"Elaborada en lona con impresi\u00f3n a full color\">\n\t\t\t\t\t\t\t\t\t\t\t\t\t\t\t\t\t\t\t\t\t\t\t\t\t\t\t\tTulas\n\t\t\t<\/a>\n\t\t\t\t\t\t\t\t\t\t<a href=\"https:\/\/www.imagenesgraficas.com\/wp-content\/uploads\/2020\/07\/TULAS-Elaborada-en-lona-con-impresion-a-full-color-min.jpg\" data-fancybox=\"pp-album-\" data-caption=\"Elaborada en lona con impresi\u00f3n a full color\">\n\t\t\t\t\t\t\t<img decoding=\"async\" src=\"https:\/\/www.imagenesgraficas.com\/wp-content\/uploads\/2020\/07\/TULAS-Elaborada-en-lona-con-impresion-a-full-color-min.jpg\" alt=\"Elaborada en lona con impresi\u00f3n a full color\" \/>\n\t\t\t\t\t\t<\/a>\n\t\t\t\t\t\t\t\t\t\t\t<a href=\"https:\/\/www.imagenesgraficas.com\/wp-content\/uploads\/2020\/07\/TULAS-tula-Coca-Cola-en-seda-estampada.jpg\" data-fancybox=\"pp-album-\" data-caption=\"Tula Coca Cola en seda estampada\">\n\t\t\t\t\t\t\t<img decoding=\"async\" src=\"https:\/\/www.imagenesgraficas.com\/wp-content\/uploads\/2020\/07\/TULAS-tula-Coca-Cola-en-seda-estampada.jpg\" alt=\"Tula Coca Cola en seda estampada\" \/>\n\t\t\t\t\t\t<\/a>\n\t\t\t\t\t\t\t\t\t\t\t<a href=\"https:\/\/www.imagenesgraficas.com\/wp-content\/uploads\/2020\/07\/TULAS-Organizadoras-para-viaje-min.jpg\" data-fancybox=\"pp-album-\" data-caption=\"Organizadoras para viaje\">\n\t\t\t\t\t\t\t<img decoding=\"async\" src=\"https:\/\/www.imagenesgraficas.com\/wp-content\/uploads\/2020\/07\/TULAS-Organizadoras-para-viaje-min.jpg\" alt=\"Organizadoras para viaje\" \/>\n\t\t\t\t\t\t<\/a>\n\t\t\t\t\t\t<a>\n\t\t\t\t\t<img decoding=\"async\" src=\"https:\/\/www.imagenesgraficas.com\/wp-content\/uploads\/2020\/07\/PORTARETRATOS-Elaborado-en-acrilico.jpg\" alt=\"Elaborado en acr\u00edlico\">\n\t\t\t\t\t\t\t\t\t\t\t\t\t\t\t\t\t\t\t\t\t\t\t\t\t\t\t\tPortaretratos\n\t\t\t<\/a>\n\t\t\t\t\t\t\t\t\t\t<a href=\"https:\/\/www.imagenesgraficas.com\/wp-content\/uploads\/2020\/07\/PORTARETRATOS-Elaborado-en-acrilico.jpg\" data-fancybox=\"pp-album-\" data-caption=\"Elaborado en acr\u00edlico\">\n\t\t\t\t\t\t\t<img decoding=\"async\" src=\"https:\/\/www.imagenesgraficas.com\/wp-content\/uploads\/2020\/07\/PORTARETRATOS-Elaborado-en-acrilico.jpg\" alt=\"Elaborado en acr\u00edlico\" \/>\n\t\t\t\t\t\t<\/a>\n\t\t\t\t\t\t\t\t\t\t\t<a href=\"https:\/\/www.imagenesgraficas.com\/wp-content\/uploads\/2020\/07\/PORTARETRATOS-Elaborado-en-acrilico-diferentes-medidas.jpg\" data-fancybox=\"pp-album-\" data-caption=\"Elaborado en acr\u00edlico diferentes medidas\">\n\t\t\t\t\t\t\t<img decoding=\"async\" src=\"https:\/\/www.imagenesgraficas.com\/wp-content\/uploads\/2020\/07\/PORTARETRATOS-Elaborado-en-acrilico-diferentes-medidas.jpg\" alt=\"Elaborado en acr\u00edlico diferentes medidas\" \/>\n\t\t\t\t\t\t<\/a>\n\t\t\t\t\t\t<a>\n\t\t\t\t\t<img decoding=\"async\" src=\"https:\/\/www.imagenesgraficas.com\/wp-content\/uploads\/2020\/07\/portavasos-en-acero-con-marcacion-laser-coca-cola.jpg\" alt=\"portavasos en acero con marcacion laser coca cola\">\n\t\t\t\t\t\t\t\t\t\t\t\t\t\t\t\t\t\t\t\t\t\t\t\t\t\t\t\tPortavasos\n\t\t\t<\/a>\n\t\t\t\t\t\t\t\t\t\t<a href=\"https:\/\/www.imagenesgraficas.com\/wp-content\/uploads\/2020\/07\/portavasos-en-acero-con-marcacion-laser-coca-cola.jpg\" data-fancybox=\"pp-album-\" data-caption=\"portavasos en acero con marcacion laser coca cola\">\n\t\t\t\t\t\t\t<img decoding=\"async\" src=\"https:\/\/www.imagenesgraficas.com\/wp-content\/uploads\/2020\/07\/portavasos-en-acero-con-marcacion-laser-coca-cola.jpg\" alt=\"portavasos en acero con marcacion laser coca cola\" \/>\n\t\t\t\t\t\t<\/a>\n\t\t\t\t\t\t\t\t\t\t\t<a href=\"https:\/\/www.imagenesgraficas.com\/wp-content\/uploads\/2020\/07\/Portavasos-en-acero-con-marcacion-laser.jpg\" data-fancybox=\"pp-album-\" data-caption=\"Portavasos en acero con marcacion laser\">\n\t\t\t\t\t\t\t<img decoding=\"async\" src=\"https:\/\/www.imagenesgraficas.com\/wp-content\/uploads\/2020\/07\/Portavasos-en-acero-con-marcacion-laser.jpg\" alt=\"Portavasos en acero con marcacion laser\" \/>\n\t\t\t\t\t\t<\/a>\n\t\t\t\t\t\t<a>\n\t\t\t\t\t<img decoding=\"async\" src=\"https:\/\/www.imagenesgraficas.com\/wp-content\/uploads\/2020\/07\/alcancias-eco-alcancia-madera.jpg\" alt=\"Alcanc\u00eda madera\">\n\t\t\t\t\t\t\t\t\t\t\t\t\t\t\t\t\t\t\t\t\t\t\t\t\t\t\t\tAlcanc\u00edas eco\n\t\t\t<\/a>\n\t\t\t\t\t\t\t\t\t\t<a href=\"https:\/\/www.imagenesgraficas.com\/wp-content\/uploads\/2020\/07\/alcancias-eco-alcancia-madera.jpg\" data-fancybox=\"pp-album-\" data-caption=\"Alcanc\u00eda madera\">\n\t\t\t\t\t\t\t<img decoding=\"async\" src=\"https:\/\/www.imagenesgraficas.com\/wp-content\/uploads\/2020\/07\/alcancias-eco-alcancia-madera.jpg\" alt=\"Alcanc\u00eda madera\" \/>\n\t\t\t\t\t\t<\/a>\n\t\t\t\t\t\t<a>\n\t\t\t\t\t<img decoding=\"async\" src=\"https:\/\/www.imagenesgraficas.com\/wp-content\/uploads\/2020\/07\/billeteras-Elaborada-en-cuero-ecologico-min.jpg\" alt=\"Elaborada en cuero ecol\u00f3gico\">\n\t\t\t\t\t\t\t\t\t\t\t\t\t\t\t\t\t\t\t\t\t\t\t\t\t\t\t\tBilleteras\n\t\t\t<\/a>\n\t\t\t\t\t\t\t\t\t\t<a href=\"https:\/\/www.imagenesgraficas.com\/wp-content\/uploads\/2020\/07\/billeteras-Elaborada-en-cuero-ecologico-min.jpg\" data-fancybox=\"pp-album-\" data-caption=\"Elaborada en cuero ecol\u00f3gico\">\n\t\t\t\t\t\t\t<img decoding=\"async\" src=\"https:\/\/www.imagenesgraficas.com\/wp-content\/uploads\/2020\/07\/billeteras-Elaborada-en-cuero-ecologico-min.jpg\" alt=\"Elaborada en cuero ecol\u00f3gico\" \/>\n\t\t\t\t\t\t<\/a>\n\t\t\t\t\t\t<a>\n\t\t\t\t\t<img decoding=\"async\" src=\"https:\/\/www.imagenesgraficas.com\/wp-content\/uploads\/2020\/07\/COJINES-Coj\u00edn-viajero-relleno-de-microperlas-min.jpg\" alt=\"COJINES-Coj\u00edn-viajero-relleno-de-microperlas-min\">\n\t\t\t\t\t\t\t\t\t\t\t\t\t\t\t\t\t\t\t\t\t\t\t\t\t\t\t\tCojines\n\t\t\t<\/a>\n\t\t\t\t\t\t\t\t\t\t<a href=\"https:\/\/www.imagenesgraficas.com\/wp-content\/uploads\/2020\/07\/COJINES-Coj\u00edn-viajero-relleno-de-microperlas-min.jpg\" data-fancybox=\"pp-album-\" data-caption=\"COJINES-Coj\u00edn-viajero-relleno-de-microperlas-min\">\n\t\t\t\t\t\t\t<img decoding=\"async\" src=\"https:\/\/www.imagenesgraficas.com\/wp-content\/uploads\/2020\/07\/COJINES-Coj\u00edn-viajero-relleno-de-microperlas-min.jpg\" alt=\"COJINES-Coj\u00edn-viajero-relleno-de-microperlas-min\" \/>\n\t\t\t\t\t\t<\/a>\n\t\t\t\t\t\t\t\t\t\t\t<a href=\"https:\/\/www.imagenesgraficas.com\/wp-content\/uploads\/2020\/07\/COJINES-cojines-decorativos-min.jpg\" data-fancybox=\"pp-album-\" data-caption=\"COJINES cojines decorativos-min\">\n\t\t\t\t\t\t\t<img decoding=\"async\" src=\"https:\/\/www.imagenesgraficas.com\/wp-content\/uploads\/2020\/07\/COJINES-cojines-decorativos-min.jpg\" alt=\"COJINES cojines decorativos-min\" \/>\n\t\t\t\t\t\t<\/a>\n\t\t\t\t\t\t<a>\n\t\t\t\t\t<img decoding=\"async\" src=\"https:\/\/www.imagenesgraficas.com\/wp-content\/uploads\/2020\/07\/Cuadros-decorativos-cuadro-madera-con-mensajes-min.jpg\" alt=\"cuadro madera con mensajes\">\n\t\t\t\t\t\t\t\t\t\t\t\t\t\t\t\t\t\t\t\t\t\t\t\t\t\t\t\tCuadros decorativos\n\t\t\t<\/a>\n\t\t\t\t\t\t\t\t\t\t<a href=\"https:\/\/www.imagenesgraficas.com\/wp-content\/uploads\/2020\/07\/Cuadros-decorativos-cuadro-madera-con-mensajes-min.jpg\" data-fancybox=\"pp-album-\" data-caption=\"cuadro madera con mensajes\">\n\t\t\t\t\t\t\t<img decoding=\"async\" src=\"https:\/\/www.imagenesgraficas.com\/wp-content\/uploads\/2020\/07\/Cuadros-decorativos-cuadro-madera-con-mensajes-min.jpg\" alt=\"cuadro madera con mensajes\" \/>\n\t\t\t\t\t\t<\/a>\n\t\t\t\t\t\t\t\t\t\t\t<a href=\"https:\/\/www.imagenesgraficas.com\/wp-content\/uploads\/2020\/07\/Cuadros-decorativos-cuadros-en-madera-min.jpg\" data-fancybox=\"pp-album-\" data-caption=\"Cuadros en madera\">\n\t\t\t\t\t\t\t<img decoding=\"async\" src=\"https:\/\/www.imagenesgraficas.com\/wp-content\/uploads\/2020\/07\/Cuadros-decorativos-cuadros-en-madera-min.jpg\" alt=\"Cuadros en madera\" \/>\n\t\t\t\t\t\t<\/a>\n\t\t\t\t\t\t<a>\n\t\t\t\t\t<img decoding=\"async\" src=\"https:\/\/www.imagenesgraficas.com\/wp-content\/uploads\/2020\/07\/JUEGOS-EN-PAPEL-ECO-set-barajas-Poker-min.jpg\" alt=\"Set barajas Poker\">\n\t\t\t\t\t\t\t\t\t\t\t\t\t\t\t\t\t\t\t\t\t\t\t\t\t\t\t\tJuegos en papel eco\n\t\t\t<\/a>\n\t\t\t\t\t\t\t\t\t\t<a href=\"https:\/\/www.imagenesgraficas.com\/wp-content\/uploads\/2020\/07\/JUEGOS-EN-PAPEL-ECO-set-barajas-Poker-min.jpg\" data-fancybox=\"pp-album-\" data-caption=\"Set barajas Poker\">\n\t\t\t\t\t\t\t<img decoding=\"async\" src=\"https:\/\/www.imagenesgraficas.com\/wp-content\/uploads\/2020\/07\/JUEGOS-EN-PAPEL-ECO-set-barajas-Poker-min.jpg\" alt=\"Set barajas Poker\" \/>\n\t\t\t\t\t\t<\/a>\n\t\t\t\t\t\t<a>\n\t\t\t\t\t<img decoding=\"async\" src=\"https:\/\/www.imagenesgraficas.com\/wp-content\/uploads\/2020\/07\/marca-maletasl-color-1-cara.jpg\" alt=\"Full color 1 cara\">\n\t\t\t\t\t\t\t\t\t\t\t\t\t\t\t\t\t\t\t\t\t\t\t\t\t\t\t\tMarca maletas\n\t\t\t<\/a>\n\t\t\t\t\t\t\t\t\t\t<a href=\"https:\/\/www.imagenesgraficas.com\/wp-content\/uploads\/2020\/07\/marca-maletasl-color-1-cara.jpg\" data-fancybox=\"pp-album-\" data-caption=\"Full color 1 cara\">\n\t\t\t\t\t\t\t<img decoding=\"async\" src=\"https:\/\/www.imagenesgraficas.com\/wp-content\/uploads\/2020\/07\/marca-maletasl-color-1-cara.jpg\" alt=\"Full color 1 cara\" \/>\n\t\t\t\t\t\t<\/a>\n\t\t\t\t\t\t\t\t\t\t\t<a href=\"https:\/\/www.imagenesgraficas.com\/wp-content\/uploads\/2020\/07\/marca-maletas-Marca-maletas-en-papel-plastico-a-prueba-de-agua-min.jpg\" data-fancybox=\"pp-album-\" data-caption=\"Marca maletas en papel pl\u00e1stico a prueba de agua\">\n\t\t\t\t\t\t\t<img decoding=\"async\" src=\"https:\/\/www.imagenesgraficas.com\/wp-content\/uploads\/2020\/07\/marca-maletas-Marca-maletas-en-papel-plastico-a-prueba-de-agua-min.jpg\" alt=\"Marca maletas en papel pl\u00e1stico a prueba de agua\" \/>\n\t\t\t\t\t\t<\/a>\n\t\t\t\t\t\t\t\t\t\t\t<a href=\"https:\/\/www.imagenesgraficas.com\/wp-content\/uploads\/2020\/07\/marca-maletas-promocional.jpg\" data-fancybox=\"pp-album-\" data-caption=\"Promocional\">\n\t\t\t\t\t\t\t<img decoding=\"async\" src=\"https:\/\/www.imagenesgraficas.com\/wp-content\/uploads\/2020\/07\/marca-maletas-promocional.jpg\" alt=\"Promocional\" \/>\n\t\t\t\t\t\t<\/a>\n\t\t\t\t\t\t<a>\n\t\t\t\t\t<img decoding=\"async\" src=\"https:\/\/www.imagenesgraficas.com\/wp-content\/uploads\/2020\/07\/organizadores-Tula-para-cosmeticos-min.jpg\" alt=\"Tula para cosm\u00e9ticos\">\n\t\t\t\t\t\t\t\t\t\t\t\t\t\t\t\t\t\t\t\t\t\t\t\t\t\t\t\tOrganizadores\n\t\t\t<\/a>\n\t\t\t\t\t\t\t\t\t\t<a href=\"https:\/\/www.imagenesgraficas.com\/wp-content\/uploads\/2020\/07\/organizadores-Tula-para-cosmeticos-min.jpg\" data-fancybox=\"pp-album-\" data-caption=\"Tula para cosm\u00e9ticos\">\n\t\t\t\t\t\t\t<img decoding=\"async\" src=\"https:\/\/www.imagenesgraficas.com\/wp-content\/uploads\/2020\/07\/organizadores-Tula-para-cosmeticos-min.jpg\" alt=\"Tula para cosm\u00e9ticos\" \/>\n\t\t\t\t\t\t<\/a>\n\t\t\t\t\t\t\t\t\t\t\t<a href=\"https:\/\/www.imagenesgraficas.com\/wp-content\/uploads\/2020\/07\/organizadores-organizador-multifuncional-plegable-min.jpg\" data-fancybox=\"pp-album-\" data-caption=\"Organizador multinacional plegable\">\n\t\t\t\t\t\t\t<img decoding=\"async\" src=\"https:\/\/www.imagenesgraficas.com\/wp-content\/uploads\/2020\/07\/organizadores-organizador-multifuncional-plegable-min.jpg\" alt=\"Organizador multinacional plegable\" \/>\n\t\t\t\t\t\t<\/a>\n\t\t\t\t\t\t\t\t\t\t\t<a href=\"https:\/\/www.imagenesgraficas.com\/wp-content\/uploads\/2020\/07\/organizadores-passport-and-credit-card-pouch-min.jpg\" data-fancybox=\"pp-album-\" data-caption=\"Passport and credit card pouch\">\n\t\t\t\t\t\t\t<img decoding=\"async\" src=\"https:\/\/www.imagenesgraficas.com\/wp-content\/uploads\/2020\/07\/organizadores-passport-and-credit-card-pouch-min.jpg\" alt=\"Passport and credit card pouch\" \/>\n\t\t\t\t\t\t<\/a>\n\t\t\t\t\t\t\t\t\t\t\t<a href=\"https:\/\/www.imagenesgraficas.com\/wp-content\/uploads\/2020\/07\/organizadores-laundry-bag.jpg\" data-fancybox=\"pp-album-\" data-caption=\"Laundry bag\">\n\t\t\t\t\t\t\t<img decoding=\"async\" src=\"https:\/\/www.imagenesgraficas.com\/wp-content\/uploads\/2020\/07\/organizadores-laundry-bag.jpg\" alt=\"Laundry bag\" \/>\n\t\t\t\t\t\t<\/a>\n\t\t\t\t\t\t\t\t\t\t\t<a href=\"https:\/\/www.imagenesgraficas.com\/wp-content\/uploads\/2020\/07\/organizadores-organizador-de-viaje-min.jpg\" data-fancybox=\"pp-album-\" data-caption=\"Organizador de viaje\">\n\t\t\t\t\t\t\t<img decoding=\"async\" src=\"https:\/\/www.imagenesgraficas.com\/wp-content\/uploads\/2020\/07\/organizadores-organizador-de-viaje-min.jpg\" alt=\"Organizador de viaje\" \/>\n\t\t\t\t\t\t<\/a>\n\t\t\t\t\t\t<a>\n\t\t\t\t\t<img decoding=\"async\" src=\"https:\/\/www.imagenesgraficas.com\/wp-content\/uploads\/2020\/07\/Bolsa-de-mercado-bolsas-en-cambre-laminado-impresa-a-full-color-min.jpg\" alt=\"bolsas en cambre laminado impresa a full color\">\n\t\t\t\t\t\t\t\t\t\t\t\t\t\t\t\t\t\t\t\t\t\t\t\t\t\t\t\tBolsa de mercado \n\t\t\t<\/a>\n\t\t\t\t\t\t\t\t\t\t<a href=\"https:\/\/www.imagenesgraficas.com\/wp-content\/uploads\/2020\/07\/Bolsa-de-mercado-bolsas-en-cambre-laminado-impresa-a-full-color-min.jpg\" data-fancybox=\"pp-album-\" data-caption=\"bolsas en cambre laminado impresa a full color\">\n\t\t\t\t\t\t\t<img decoding=\"async\" src=\"https:\/\/www.imagenesgraficas.com\/wp-content\/uploads\/2020\/07\/Bolsa-de-mercado-bolsas-en-cambre-laminado-impresa-a-full-color-min.jpg\" alt=\"bolsas en cambre laminado impresa a full color\" \/>\n\t\t\t\t\t\t<\/a>\n\t\t\t\t\t\t\t\t\t\t\t<a href=\"https:\/\/www.imagenesgraficas.com\/wp-content\/uploads\/2020\/07\/Bolsa-de-mercado-bolsa-promocion-estampada-Coca-Cola.jpg\" data-fancybox=\"pp-album-\" data-caption=\"Bolsa promoci\u00f3n estampada Coca Cola\">\n\t\t\t\t\t\t\t<img decoding=\"async\" src=\"https:\/\/www.imagenesgraficas.com\/wp-content\/uploads\/2020\/07\/Bolsa-de-mercado-bolsa-promocion-estampada-Coca-Cola.jpg\" alt=\"Bolsa promoci\u00f3n estampada Coca Cola\" \/>\n\t\t\t\t\t\t<\/a>\n\t\t\t\t\t\t<a>\n\t\t\t\t\t<img decoding=\"async\" src=\"https:\/\/www.imagenesgraficas.com\/wp-content\/uploads\/2020\/07\/CARTUCHERAS-Elaborada-en-Clear-para-set-de-viaje-min.jpg\" alt=\"Elaborada en Clear para set de viaje\">\n\t\t\t\t\t\t\t\t\t\t\t\t\t\t\t\t\t\t\t\t\t\t\t\t\t\t\t\tCartucheras\n\t\t\t<\/a>\n\t\t\t\t\t\t\t\t\t\t<a href=\"https:\/\/www.imagenesgraficas.com\/wp-content\/uploads\/2020\/07\/CARTUCHERAS-Elaborada-en-Clear-para-set-de-viaje-min.jpg\" data-fancybox=\"pp-album-\" data-caption=\"Elaborada en Clear para set de viaje\">\n\t\t\t\t\t\t\t<img decoding=\"async\" src=\"https:\/\/www.imagenesgraficas.com\/wp-content\/uploads\/2020\/07\/CARTUCHERAS-Elaborada-en-Clear-para-set-de-viaje-min.jpg\" alt=\"Elaborada en Clear para set de viaje\" \/>\n\t\t\t\t\t\t<\/a>\n\t\t\t\t\t\t\t\t\t\t\t<a href=\"https:\/\/www.imagenesgraficas.com\/wp-content\/uploads\/2020\/07\/cartucheras-large-square-tornasol-con-deslizador-decorativo-min.jpg\" data-fancybox=\"pp-album-\" data-caption=\"Cartuclarge square tornasol con deslizador decorativos large square tornasol con deslizador decorativo-min\">\n\t\t\t\t\t\t\t<img decoding=\"async\" src=\"https:\/\/www.imagenesgraficas.com\/wp-content\/uploads\/2020\/07\/cartucheras-large-square-tornasol-con-deslizador-decorativo-min.jpg\" alt=\"Cartuclarge square tornasol con deslizador decorativos large square tornasol con deslizador decorativo-min\" \/>\n\t\t\t\t\t\t<\/a>\n\t\t\t\t\t\t\t\t\t\t\t<a href=\"https:\/\/www.imagenesgraficas.com\/wp-content\/uploads\/2020\/07\/cartucheras-con-impresion-a-full-color-tubular-min.jpg\" data-fancybox=\"pp-album-\" data-caption=\"Con impresi\u00f3n a full color tubular\">\n\t\t\t\t\t\t\t<img decoding=\"async\" src=\"https:\/\/www.imagenesgraficas.com\/wp-content\/uploads\/2020\/07\/cartucheras-con-impresion-a-full-color-tubular-min.jpg\" alt=\"Con impresi\u00f3n a full color tubular\" \/>\n\t\t\t\t\t\t<\/a>\n\t\t\t\t\t\t\t\t\t\t\t<a href=\"https:\/\/www.imagenesgraficas.com\/wp-content\/uploads\/2020\/07\/cartucheras-porta-lapices-min.jpg\" data-fancybox=\"pp-album-\" data-caption=\"Pencil bag\">\n\t\t\t\t\t\t\t<img decoding=\"async\" src=\"https:\/\/www.imagenesgraficas.com\/wp-content\/uploads\/2020\/07\/cartucheras-porta-lapices-min.jpg\" alt=\"Pencil bag\" \/>\n\t\t\t\t\t\t<\/a>\n\t\t\t\t\t\t\t\t\t\t\t<a href=\"https:\/\/www.imagenesgraficas.com\/wp-content\/uploads\/2020\/07\/cartucheras-pencil-bag-min.jpg\" data-fancybox=\"pp-album-\" data-caption=\"Porta lapices\">\n\t\t\t\t\t\t\t<img decoding=\"async\" src=\"https:\/\/www.imagenesgraficas.com\/wp-content\/uploads\/2020\/07\/cartucheras-pencil-bag-min.jpg\" alt=\"Porta lapices\" \/>\n\t\t\t\t\t\t<\/a>\n\t\t\t\t\t\t\t\t\t\t\t<a href=\"https:\/\/www.imagenesgraficas.com\/wp-content\/uploads\/2020\/07\/cartucheras-con-impresion-a-full-color-min.jpg\" data-fancybox=\"pp-album-\" data-caption=\"Con impresi\u00f3n a full color\">\n\t\t\t\t\t\t\t<img decoding=\"async\" src=\"https:\/\/www.imagenesgraficas.com\/wp-content\/uploads\/2020\/07\/cartucheras-con-impresion-a-full-color-min.jpg\" alt=\"Con impresi\u00f3n a full color\" \/>\n\t\t\t\t\t\t<\/a>\n\t\t\t\t\t\t\t\t\t\t\t<a href=\"https:\/\/www.imagenesgraficas.com\/wp-content\/uploads\/2020\/07\/cartucheras-ideal-para-back-to-school-min.jpg\" data-fancybox=\"pp-album-\" data-caption=\"Ideal para Back to school\">\n\t\t\t\t\t\t\t<img decoding=\"async\" src=\"https:\/\/www.imagenesgraficas.com\/wp-content\/uploads\/2020\/07\/cartucheras-ideal-para-back-to-school-min.jpg\" alt=\"Ideal para Back to school\" \/>\n\t\t\t\t\t\t<\/a>\n\t\t\t\t\t\t\t\t\t\t\t<a href=\"https:\/\/www.imagenesgraficas.com\/wp-content\/uploads\/2020\/07\/cartucheras-porta-documentos-min.jpg\" data-fancybox=\"pp-album-\" data-caption=\"Porta documentos\">\n\t\t\t\t\t\t\t<img decoding=\"async\" src=\"https:\/\/www.imagenesgraficas.com\/wp-content\/uploads\/2020\/07\/cartucheras-porta-documentos-min.jpg\" alt=\"Porta documentos\" \/>\n\t\t\t\t\t\t<\/a>\n\t\t\t\t\t\t\t\t\t\t\t<a href=\"https:\/\/www.imagenesgraficas.com\/wp-content\/uploads\/2020\/07\/cartucheras-cartuchera-Big-min.jpg\" data-fancybox=\"pp-album-\" data-caption=\"Cartuchera Big\">\n\t\t\t\t\t\t\t<img decoding=\"async\" src=\"https:\/\/www.imagenesgraficas.com\/wp-content\/uploads\/2020\/07\/cartucheras-cartuchera-Big-min.jpg\" alt=\"Cartuchera Big\" \/>\n\t\t\t\t\t\t<\/a>\n\t\t\t\t\t\t<a>\n\t\t\t\t\t<img decoding=\"async\" src=\"https:\/\/www.imagenesgraficas.com\/wp-content\/uploads\/2020\/07\/cosmetiqueras-elaborada-en-clear-con-impresion-en-tela-min.jpg\" alt=\"Elaborada en clear con impresi\u00f3n en tela\">\n\t\t\t\t\t\t\t\t\t\t\t\t\t\t\t\t\t\t\t\t\t\t\t\t\t\t\t\tCosmetiqueras\n\t\t\t<\/a>\n\t\t\t\t\t\t\t\t\t\t<a href=\"https:\/\/www.imagenesgraficas.com\/wp-content\/uploads\/2020\/07\/cosmetiqueras-elaborada-en-clear-con-impresion-en-tela-min.jpg\" data-fancybox=\"pp-album-\" data-caption=\"Elaborada en clear con impresi\u00f3n en tela\">\n\t\t\t\t\t\t\t<img decoding=\"async\" src=\"https:\/\/www.imagenesgraficas.com\/wp-content\/uploads\/2020\/07\/cosmetiqueras-elaborada-en-clear-con-impresion-en-tela-min.jpg\" alt=\"Elaborada en clear con impresi\u00f3n en tela\" \/>\n\t\t\t\t\t\t<\/a>\n\t\t\t\t\t\t\t\t\t\t\t<a href=\"https:\/\/www.imagenesgraficas.com\/wp-content\/uploads\/2020\/07\/cosmetiqueras-elaborada-en-clear-con-impresion-en-tela-1-min.jpg\" data-fancybox=\"pp-album-\" data-caption=\"Elaborada en clear con impresi\u00f3n en tela\">\n\t\t\t\t\t\t\t<img decoding=\"async\" src=\"https:\/\/www.imagenesgraficas.com\/wp-content\/uploads\/2020\/07\/cosmetiqueras-elaborada-en-clear-con-impresion-en-tela-1-min.jpg\" alt=\"Elaborada en clear con impresi\u00f3n en tela\" \/>\n\t\t\t\t\t\t<\/a>\n\t\t\t\t\t\t\t\t\t\t\t<a href=\"https:\/\/www.imagenesgraficas.com\/wp-content\/uploads\/2020\/07\/cosmetiqueras-Elaborada-en-cuero-ecologico-min.jpg\" data-fancybox=\"pp-album-\" data-caption=\"cosmetiqueras Elaborada en cuero ecologico-min\">\n\t\t\t\t\t\t\t<img decoding=\"async\" src=\"https:\/\/www.imagenesgraficas.com\/wp-content\/uploads\/2020\/07\/cosmetiqueras-Elaborada-en-cuero-ecologico-min.jpg\" alt=\"cosmetiqueras Elaborada en cuero ecologico-min\" \/>\n\t\t\t\t\t\t<\/a>\n\t\t\t\t\t\t\t\t\t\t\t<a href=\"https:\/\/www.imagenesgraficas.com\/wp-content\/uploads\/2020\/07\/cosmetiqueras-con-impresion-a-full-color-en-tela-min.jpg\" data-fancybox=\"pp-album-\" data-caption=\"Con impresi\u00f3n a full color en tela\">\n\t\t\t\t\t\t\t<img decoding=\"async\" src=\"https:\/\/www.imagenesgraficas.com\/wp-content\/uploads\/2020\/07\/cosmetiqueras-con-impresion-a-full-color-en-tela-min.jpg\" alt=\"Con impresi\u00f3n a full color en tela\" \/>\n\t\t\t\t\t\t<\/a>\n\t\t\t\t\t\t\t\t\t\t\t<a href=\"https:\/\/www.imagenesgraficas.com\/wp-content\/uploads\/2020\/07\/cosmetiqueras-Cuadrada-animal-print-min.jpg\" data-fancybox=\"pp-album-\" data-caption=\"Cuadrada animal print\">\n\t\t\t\t\t\t\t<img decoding=\"async\" src=\"https:\/\/www.imagenesgraficas.com\/wp-content\/uploads\/2020\/07\/cosmetiqueras-Cuadrada-animal-print-min.jpg\" alt=\"Cuadrada animal print\" \/>\n\t\t\t\t\t\t<\/a>\n\t\t\t\t\t\t\t\t\t\t\t<a href=\"https:\/\/www.imagenesgraficas.com\/wp-content\/uploads\/2020\/07\/cosmetiqueras-elaborada-en-sintetico-tornasol-min.jpg\" data-fancybox=\"pp-album-\" data-caption=\"Elaborada en sint\u00e9tico tornasol\">\n\t\t\t\t\t\t\t<img decoding=\"async\" src=\"https:\/\/www.imagenesgraficas.com\/wp-content\/uploads\/2020\/07\/cosmetiqueras-elaborada-en-sintetico-tornasol-min.jpg\" alt=\"Elaborada en sint\u00e9tico tornasol\" \/>\n\t\t\t\t\t\t<\/a>\n\t\t\t\t\t\t\t\t\t\t\t<a href=\"https:\/\/www.imagenesgraficas.com\/wp-content\/uploads\/2020\/07\/cosmetiqueras-Ideales-como-complementos-de-viaje-min.jpg\" data-fancybox=\"pp-album-\" data-caption=\"Ideales como complementos de viaje\">\n\t\t\t\t\t\t\t<img decoding=\"async\" src=\"https:\/\/www.imagenesgraficas.com\/wp-content\/uploads\/2020\/07\/cosmetiqueras-Ideales-como-complementos-de-viaje-min.jpg\" alt=\"Ideales como complementos de viaje\" \/>\n\t\t\t\t\t\t<\/a>\n\t\t\t\t\t\t<a>\n\t\t\t\t\t<img decoding=\"async\" src=\"https:\/\/www.imagenesgraficas.com\/wp-content\/uploads\/2020\/07\/Individuales-de-mesa-set-individuales-plasticos-x2-o-x4-min.jpg\" alt=\"Set individuales pl\u00e1sticos x2 o x4\">\n\t\t\t\t\t\t\t\t\t\t\t\t\t\t\t\t\t\t\t\t\t\t\t\t\t\t\t\tIndividuales de mesa\n\t\t\t<\/a>\n\t\t\t\t\t\t\t\t\t\t<a href=\"https:\/\/www.imagenesgraficas.com\/wp-content\/uploads\/2020\/07\/Individuales-de-mesa-set-individuales-plasticos-x2-o-x4-min.jpg\" data-fancybox=\"pp-album-\" data-caption=\"Set individuales pl\u00e1sticos x2 o x4\">\n\t\t\t\t\t\t\t<img decoding=\"async\" src=\"https:\/\/www.imagenesgraficas.com\/wp-content\/uploads\/2020\/07\/Individuales-de-mesa-set-individuales-plasticos-x2-o-x4-min.jpg\" alt=\"Set individuales pl\u00e1sticos x2 o x4\" \/>\n\t\t\t\t\t\t<\/a>\n\t\t\t\t\t\t\t\t\t\t\t<a href=\"https:\/\/www.imagenesgraficas.com\/wp-content\/uploads\/2020\/07\/Individuales-de-mesa-individual-coloreable-en-set-min.jpg\" data-fancybox=\"pp-album-\" data-caption=\"Individual coloreable en set\">\n\t\t\t\t\t\t\t<img decoding=\"async\" src=\"https:\/\/www.imagenesgraficas.com\/wp-content\/uploads\/2020\/07\/Individuales-de-mesa-individual-coloreable-en-set-min.jpg\" alt=\"Individual coloreable en set\" \/>\n\t\t\t\t\t\t<\/a>\n\t\t\t\t\t\t\t\t\t\t\t<a href=\"https:\/\/www.imagenesgraficas.com\/wp-content\/uploads\/2020\/07\/Individuales-de-mesa-Rompecabezas-min.jpg\" data-fancybox=\"pp-album-\" data-caption=\"Rompecabezas\">\n\t\t\t\t\t\t\t<img decoding=\"async\" src=\"https:\/\/www.imagenesgraficas.com\/wp-content\/uploads\/2020\/07\/Individuales-de-mesa-Rompecabezas-min.jpg\" alt=\"Rompecabezas\" \/>\n\t\t\t\t\t\t<\/a>\n\t\t\t\t\t\t<a>\n\t\t\t\t\t<img decoding=\"async\" src=\"https:\/\/www.imagenesgraficas.com\/wp-content\/uploads\/2020\/07\/loncheras-rectangle-lunch-bag-min.jpg\" alt=\"loncheras rectangle-lunch bag-min\">\n\t\t\t\t\t\t\t\t\t\t\t\t\t\t\t\t\t\t\t\t\t\t\t\t\t\t\t\tLoncheras\n\t\t\t<\/a>\n\t\t\t\t\t\t\t\t\t\t<a href=\"https:\/\/www.imagenesgraficas.com\/wp-content\/uploads\/2020\/07\/loncheras-rectangle-lunch-bag-min.jpg\" data-fancybox=\"pp-album-\" data-caption=\"loncheras rectangle-lunch bag-min\">\n\t\t\t\t\t\t\t<img decoding=\"async\" src=\"https:\/\/www.imagenesgraficas.com\/wp-content\/uploads\/2020\/07\/loncheras-rectangle-lunch-bag-min.jpg\" alt=\"loncheras rectangle-lunch bag-min\" \/>\n\t\t\t\t\t\t<\/a>\n\t\t\t\t\t\t\t\t\t\t\t<a href=\"https:\/\/www.imagenesgraficas.com\/wp-content\/uploads\/2020\/07\/loncheras-triangular-a-full-color-min.jpg\" data-fancybox=\"pp-album-\" data-caption=\"loncheras triangular a full color-min\">\n\t\t\t\t\t\t\t<img decoding=\"async\" src=\"https:\/\/www.imagenesgraficas.com\/wp-content\/uploads\/2020\/07\/loncheras-triangular-a-full-color-min.jpg\" alt=\"loncheras triangular a full color-min\" \/>\n\t\t\t\t\t\t<\/a>\n\t\t\t\t\t\t\t\t\t\t\t<a href=\"https:\/\/www.imagenesgraficas.com\/wp-content\/uploads\/2020\/07\/loncheras-con-impresion-a-full-color-tamano-personalizado-min.jpg\" data-fancybox=\"pp-album-\" data-caption=\"loncheras con impresion a full color tamano personalizado-min\">\n\t\t\t\t\t\t\t<img decoding=\"async\" src=\"https:\/\/www.imagenesgraficas.com\/wp-content\/uploads\/2020\/07\/loncheras-con-impresion-a-full-color-tamano-personalizado-min.jpg\" alt=\"loncheras con impresion a full color tamano personalizado-min\" \/>\n\t\t\t\t\t\t<\/a>\n\t\t\t\t\t\t\t\t\t\t\t<a href=\"https:\/\/www.imagenesgraficas.com\/wp-content\/uploads\/2020\/07\/loncheras-Triangular-a-full-color.jpg\" data-fancybox=\"pp-album-\" data-caption=\"loncheras Triangular a full color\">\n\t\t\t\t\t\t\t<img decoding=\"async\" src=\"https:\/\/www.imagenesgraficas.com\/wp-content\/uploads\/2020\/07\/loncheras-Triangular-a-full-color.jpg\" alt=\"loncheras Triangular a full color\" \/>\n\t\t\t\t\t\t<\/a>\n\t\t\t\t\t\t\t\t\t\t\t<a href=\"https:\/\/www.imagenesgraficas.com\/wp-content\/uploads\/2020\/07\/loncheras-avianca-en-tela-no-tejida-min.jpg\" data-fancybox=\"pp-album-\" data-caption=\"loncheras avianca en tela no tejida-min\">\n\t\t\t\t\t\t\t<img decoding=\"async\" src=\"https:\/\/www.imagenesgraficas.com\/wp-content\/uploads\/2020\/07\/loncheras-avianca-en-tela-no-tejida-min.jpg\" alt=\"loncheras avianca en tela no tejida-min\" \/>\n\t\t\t\t\t\t<\/a>\n\t\t\t\t\t\t\t\t\t\t\t<a href=\"https:\/\/www.imagenesgraficas.com\/wp-content\/uploads\/2020\/07\/loncheras-con-motivos-de-mandala-min.jpg\" data-fancybox=\"pp-album-\" data-caption=\"loncheras con motivos de mandala-min\">\n\t\t\t\t\t\t\t<img decoding=\"async\" src=\"https:\/\/www.imagenesgraficas.com\/wp-content\/uploads\/2020\/07\/loncheras-con-motivos-de-mandala-min.jpg\" alt=\"loncheras con motivos de mandala-min\" \/>\n\t\t\t\t\t\t<\/a>\n\t\t\t\t\t\t\t\t\t\t\t<a href=\"https:\/\/www.imagenesgraficas.com\/wp-content\/uploads\/2020\/07\/loncheras-lonchera-masiva-avianca.jpg\" data-fancybox=\"pp-album-\" data-caption=\"loncheras lonchera masiva avianca\">\n\t\t\t\t\t\t\t<img decoding=\"async\" src=\"https:\/\/www.imagenesgraficas.com\/wp-content\/uploads\/2020\/07\/loncheras-lonchera-masiva-avianca.jpg\" alt=\"loncheras lonchera masiva avianca\" \/>\n\t\t\t\t\t\t<\/a>\n\t\t\t\t\t\t\t\t\t\t\t<a href=\"https:\/\/www.imagenesgraficas.com\/wp-content\/uploads\/2020\/07\/loncheras-para-ninos-y-adultos-coloreable-min.jpg\" data-fancybox=\"pp-album-\" data-caption=\"loncheras para ninos y adultos coloreable-min\">\n\t\t\t\t\t\t\t<img decoding=\"async\" src=\"https:\/\/www.imagenesgraficas.com\/wp-content\/uploads\/2020\/07\/loncheras-para-ninos-y-adultos-coloreable-min.jpg\" alt=\"loncheras para ninos y adultos coloreable-min\" \/>\n\t\t\t\t\t\t<\/a>\n\t\t\t\t\t\t\t\t\t\t\t<a href=\"https:\/\/www.imagenesgraficas.com\/wp-content\/uploads\/2020\/07\/loncheras-rectangular-con-material-que-conserva-la-temperatura-min.jpg\" data-fancybox=\"pp-album-\" data-caption=\"loncheras rectangular con material que conserva la temperatura-min\">\n\t\t\t\t\t\t\t<img decoding=\"async\" src=\"https:\/\/www.imagenesgraficas.com\/wp-content\/uploads\/2020\/07\/loncheras-rectangular-con-material-que-conserva-la-temperatura-min.jpg\" alt=\"loncheras rectangular con material que conserva la temperatura-min\" \/>\n\t\t\t\t\t\t<\/a>\n\t\t\t\t\t\t<a>\n\t\t\t\t\t<img decoding=\"async\" src=\"https:\/\/www.imagenesgraficas.com\/wp-content\/uploads\/2020\/07\/neceser-ideal-para-llevar-cosmeticos.jpg\" alt=\"neceser ideal para llevar cosmeticos\">\n\t\t\t\t\t\t\t\t\t\t\t\t\t\t\t\t\t\t\t\t\t\t\t\t\t\t\t\tNeceser\n\t\t\t<\/a>\n\t\t\t\t\t\t\t\t\t\t<a href=\"https:\/\/www.imagenesgraficas.com\/wp-content\/uploads\/2020\/07\/neceser-ideal-para-llevar-cosmeticos.jpg\" data-fancybox=\"pp-album-\" data-caption=\"neceser ideal para llevar cosmeticos\">\n\t\t\t\t\t\t\t<img decoding=\"async\" src=\"https:\/\/www.imagenesgraficas.com\/wp-content\/uploads\/2020\/07\/neceser-ideal-para-llevar-cosmeticos.jpg\" alt=\"neceser ideal para llevar cosmeticos\" \/>\n\t\t\t\t\t\t<\/a>\n\t\t\t\t\t\t\t\t\t\t\t<a href=\"https:\/\/www.imagenesgraficas.com\/wp-content\/uploads\/2020\/07\/neceser-elaborado-en-cuero-ecologico-min.jpg\" data-fancybox=\"pp-album-\" data-caption=\"neceser elaborado en cuero ecologico-min\">\n\t\t\t\t\t\t\t<img decoding=\"async\" src=\"https:\/\/www.imagenesgraficas.com\/wp-content\/uploads\/2020\/07\/neceser-elaborado-en-cuero-ecologico-min.jpg\" alt=\"neceser elaborado en cuero ecologico-min\" \/>\n\t\t\t\t\t\t<\/a>\n\t\t\t\t\t\t\t\t\t\t\t<a href=\"https:\/\/www.imagenesgraficas.com\/wp-content\/uploads\/2020\/07\/neceser-en-lona-o-cuero-ecologico-con-placa-decorativa-min.jpg\" data-fancybox=\"pp-album-\" data-caption=\"neceser en lona o cuero ecologico con placa decorativa-min\">\n\t\t\t\t\t\t\t<img decoding=\"async\" src=\"https:\/\/www.imagenesgraficas.com\/wp-content\/uploads\/2020\/07\/neceser-en-lona-o-cuero-ecologico-con-placa-decorativa-min.jpg\" alt=\"neceser en lona o cuero ecologico con placa decorativa-min\" \/>\n\t\t\t\t\t\t<\/a>\n\t\t\t\t\t\t<a>\n\t\t\t\t\t<img decoding=\"async\" src=\"https:\/\/www.imagenesgraficas.com\/wp-content\/uploads\/2020\/07\/peluches-replica-de-Vaca.jpg\" alt=\"Replica de vaca\">\n\t\t\t\t\t\t\t\t\t\t\t\t\t\t\t\t\t\t\t\t\t\t\t\t\t\t\t\tPeluches\n\t\t\t<\/a>\n\t\t\t\t\t\t\t\t\t\t<a href=\"https:\/\/www.imagenesgraficas.com\/wp-content\/uploads\/2020\/07\/peluches-replica-de-Vaca.jpg\" data-fancybox=\"pp-album-\" data-caption=\"Replica de vaca\">\n\t\t\t\t\t\t\t<img decoding=\"async\" src=\"https:\/\/www.imagenesgraficas.com\/wp-content\/uploads\/2020\/07\/peluches-replica-de-Vaca.jpg\" alt=\"Replica de vaca\" \/>\n\t\t\t\t\t\t<\/a>\n\t<p>Contacto<\/p>\n\tCALI<br \/>\n(+57-2)441 6153<br \/>\nCalle 24 No. 4-31\nBOGOT\u00c1<br \/>\n(+57) 318 363 7106<br \/>\nCalle 127c 4-51\nMIAMI<br \/>\n(305) 264 3417<br \/>\n390 NW 86th Ct #8 33126\n\t<p>Cont\u00e1ctenos<\/p>\n\tPara solicitar mayor informaci\u00f3n o cotizar alg\u00fan producto, cont\u00e1ctenos a:<br \/>\n<strong>mercadeo@imagenesgra\ufb01cas.com<\/strong>\n<p>(+57) 317 6364326<\/p>\n\t<p>Todo lo que se muestra en esta p\u00e1gina web tiene como fin mostrar nuestra capacidad de desarrollo y producci\u00f3n. Las marcas mostradas solo tienen fines ilustrativos.<\/p>\n\t<p>Trabaje con nosotros<\/p>\n\tSi se considera una persona talentosa y quiere ser parte de nuestro equipo, env\u00edenos su hoja de vida a:<br \/>\n<strong>talentohumano@imagenesgra\ufb01cas.com<\/strong>\n\t<p>Servicio al cliente<\/p>\n\t<p>Presente sus peticiones, quejas, reclamos y sugerencias (PQRS) que surjan respecto a la calidad de los servicios ofrecidos y las actuaciones de nuestros funcionarios.<\/p>\nCALI<br \/>\n(+57-2) 441 6153<br \/>\nCalle 24 No. 4-31\n\t<p>S\u00edganos:<\/p>\n\t\t\t\t<a href=\"https:\/\/instagram.com\/imagenes_graficas?igshid=di1ufcnwhc4f\" target=\"_blank\" rel=\"noopener noreferrer\" itemprop=\"url\">\n\t\t\t\t<img loading=\"lazy\" decoding=\"async\" src=\"https:\/\/www.imagenesgraficas.com\/wp-content\/uploads\/2019\/06\/imagenes_graficas_ig.png\" alt=\"imagenes_graficas_ig\" itemprop=\"image\" height=\"72\" width=\"74\" title=\"imagenes_graficas_ig\" onerror=\"this.style.display='none'\"  \/>\n\t\t\t\t<\/a>\n\t\t\t\t<a href=\"https:\/\/www.facebook.com\/imagenesgraficasbicsas\/\" target=\"_blank\" rel=\"noopener noreferrer\" itemprop=\"url\">\n\t\t\t\t<img loading=\"lazy\" decoding=\"async\" src=\"https:\/\/www.imagenesgraficas.com\/wp-content\/uploads\/2019\/06\/imagenes_graficas_fb.png\" alt=\"imagenes_graficas_fb\" itemprop=\"image\" height=\"72\" width=\"74\" title=\"imagenes_graficas_fb\" onerror=\"this.style.display='none'\"  \/>\n\t\t\t\t<\/a>\n\t\t\t\t<a href=\"https:\/\/pin.it\/oanijfeol2ru5c\" target=\"_blank\" rel=\"noopener noreferrer\" itemprop=\"url\">\n\t\t\t\t<img loading=\"lazy\" decoding=\"async\" src=\"https:\/\/www.imagenesgraficas.com\/wp-content\/uploads\/2019\/06\/imagenes_graficas_pt.png\" alt=\"imagenes_graficas_pt\" itemprop=\"image\" height=\"72\" width=\"74\" title=\"imagenes_graficas_pt\" onerror=\"this.style.display='none'\"  \/>\n\t\t\t\t<\/a>\n\t<p>Reciba noticias de interes.<\/p>\n\t<p>Visita tambi\u00e9n:<\/p>\n\t\t\t\t<a href=\"http:\/\/imagraphicusa.com\/\" target=\"_blank\" rel=\"noopener noreferrer\" itemprop=\"url\">\n\t\t\t\t<img loading=\"lazy\" decoding=\"async\" src=\"https:\/\/www.imagenesgraficas.com\/wp-content\/uploads\/2019\/06\/imagenes_graficas_logo_imagraphic.png\" alt=\"imagenes_graficas_logo_imagraphic\" itemprop=\"image\" height=\"167\" width=\"493\" title=\"imagenes_graficas_logo_imagraphic\" onerror=\"this.style.display='none'\"  \/>\n\t\t\t\t<\/a>\n","protected":false},"excerpt":{"rendered":"<p>Creamos soluciones a la medida de sus necesidades. Somos especialistas en producir art\u00edculos de consumo para venta por cat\u00e1logo, promociones y productos de l\u00ednea. Integramos todos los procesos de nuestra planta de producci\u00f3n para crear productos \u00fanicos. Proceso de dise\u00f1o Si puede imaginarlo, \u00a1podemos crearlo!. Mockup &amp; muestras Visuales y muestras en 24 horas. Costura&hellip;<\/p>\n","protected":false},"author":3,"featured_media":0,"parent":0,"menu_order":0,"comment_status":"closed","ping_status":"closed","template":"","meta":{"footnotes":""},"class_list":["post-491","page","type-page","status-publish","hentry"],"_links":{"self":[{"href":"https:\/\/www.imagenesgraficas.com\/index.php\/wp-json\/wp\/v2\/pages\/491","targetHints":{"allow":["GET"]}}],"collection":[{"href":"https:\/\/www.imagenesgraficas.com\/index.php\/wp-json\/wp\/v2\/pages"}],"about":[{"href":"https:\/\/www.imagenesgraficas.com\/index.php\/wp-json\/wp\/v2\/types\/page"}],"author":[{"embeddable":true,"href":"https:\/\/www.imagenesgraficas.com\/index.php\/wp-json\/wp\/v2\/users\/3"}],"replies":[{"embeddable":true,"href":"https:\/\/www.imagenesgraficas.com\/index.php\/wp-json\/wp\/v2\/comments?post=491"}],"version-history":[{"count":33,"href":"https:\/\/www.imagenesgraficas.com\/index.php\/wp-json\/wp\/v2\/pages\/491\/revisions"}],"predecessor-version":[{"id":2771,"href":"https:\/\/www.imagenesgraficas.com\/index.php\/wp-json\/wp\/v2\/pages\/491\/revisions\/2771"}],"wp:attachment":[{"href":"https:\/\/www.imagenesgraficas.com\/index.php\/wp-json\/wp\/v2\/media?parent=491"}],"curies":[{"name":"wp","href":"https:\/\/api.w.org\/{rel}","templated":true}]}}